{"id":25774,"date":"2026-09-03T15:17:58","date_gmt":"2026-09-03T13:17:58","guid":{"rendered":"https:\/\/destination-commingespyrenees.com\/fmamid031v50uyeb-en"},"modified":"2026-09-04T03:01:42","modified_gmt":"2026-09-04T01:01:42","slug":"la-cafetiere-lit-FMAMID031V50UYEB","status":"publish","type":"agenda","link":"https:\/\/destination-commingespyrenees.com\/en\/agenda\/la-cafetiere-lit-FMAMID031V50UYEB\/","title":{"rendered":"LA CAFETI\u00c8RE LIT !"},"excerpt":{"rendered":"<p>Au cours de ces \u00e9changes, on vient avec quelles lignes \u00e0 partager, ses coups de c\u0153ur ou coups de gueule, cr\u00e9ations ou emprunts. Rencontre ouverte \u00e0 tous, tous les 1ers samedis du mois<\/p>\n","protected":false},"template":"","meta":{"_acf_changed":false},"class_list":["post-25774","agenda","type-agenda","status-publish","hentry"],"acf":[],"_links":{"self":[{"href":"https:\/\/destination-commingespyrenees.com\/en\/wp-json\/wp\/v2\/agenda\/25774","targetHints":{"allow":["GET"]}}],"collection":[{"href":"https:\/\/destination-commingespyrenees.com\/en\/wp-json\/wp\/v2\/agenda"}],"about":[{"href":"https:\/\/destination-commingespyrenees.com\/en\/wp-json\/wp\/v2\/types\/agenda"}],"wp:attachment":[{"href":"https:\/\/destination-commingespyrenees.com\/en\/wp-json\/wp\/v2\/media?parent=25774"}],"curies":[{"name":"wp","href":"https:\/\/api.w.org\/{rel}","templated":true}]}}