{"id":24990,"date":"2026-07-09T16:47:44","date_gmt":"2026-07-09T14:47:44","guid":{"rendered":"https:\/\/destination-commingespyrenees.com\/ticket-offices\/"},"modified":"2026-08-26T16:06:57","modified_gmt":"2026-08-26T14:06:57","slug":"ticket-offices","status":"publish","type":"page","link":"https:\/\/destination-commingespyrenees.com\/en\/ticket-offices\/","title":{"rendered":"Ticket Offices"},"content":{"rendered":"\n<section class=\"wp-block-cover alignfull pattern-hero-section\"><img decoding=\"async\" width=\"1070\" height=\"348\" class=\"wp-block-cover__image-background wp-image-1680 size-full\" alt=\"vivre et s'intaller en comminges pyr\u00e9n\u00e9es\" src=\"https:\/\/destination-commingespyrenees.com\/content\/uploads\/2026\/03\/Folkolor.jpg\" style=\"object-position:44% 100%\" data-object-fit=\"cover\" data-object-position=\"44% 100%\" srcset=\"https:\/\/destination-commingespyrenees.com\/content\/uploads\/2026\/03\/Folkolor.jpg 1070w, https:\/\/destination-commingespyrenees.com\/content\/uploads\/2026\/03\/Folkolor-800x260.jpg 800w, https:\/\/destination-commingespyrenees.com\/content\/uploads\/2026\/03\/Folkolor-768x250.jpg 768w\" sizes=\"(max-width: 1070px) 100vw, 1070px\" \/><span aria-hidden=\"true\" class=\"wp-block-cover__background has-background-dim-40 has-background-dim wp-block-cover__gradient-background has-background-gradient\" style=\"background:linear-gradient(180deg,rgb(0,0,0) 0%,rgba(0,0,0,0) 50%,rgba(0,0,0) 100%)\"><\/span><div class=\"wp-block-cover__inner-container has-global-padding is-layout-constrained wp-block-cover-is-layout-constrained\">\n<div class=\"wp-block-group alignwide is-layout-flow wp-block-group-is-layout-flow\"><h1 class=\"is-style-decorated wp-block-post-title\">Ticket Offices<\/h1>\n\n\n<p class=\"wp-block-paragraph\"><strong>Find out which ticket offices are available at the tourist information office.  <\/strong><\/p>\n\n\n\n<p class=\"wp-block-paragraph\">At which tourist information office in the Comminges Pyr\u00e9n\u00e9es region can you purchase tickets for the various shows?  <\/p>\n<\/div>\n<\/div><\/section>\n\n<p class=\"wp-block-paragraph\"><a href=\"https:\/\/destination-commingespyrenees.com\/en\/\">Home<\/a> \u2022\u2022\u2022 <a href=\"https:\/\/destination-commingespyrenees.com\/en\/practical-info\/\">Practical<\/a> Information \u2022\u2022\u2022 Our Brochures<\/p>\n\n<p class=\"wp-block-paragraph\">Plan your outings, and be sure to reserve your spot for upcoming events.<\/p>\n\n<h2 class=\"wp-block-heading\">Right now  <\/h2>\n\n<h3 class=\"wp-block-heading\">66TH EDITION of the Folklore Festival<\/h3>\n\n<h4 class=\"wp-block-heading\">August 13\u201317 in Montr\u00e9jeau  <\/h4>\n\n<p class=\"wp-block-paragraph\">Montr\u00e9jeau, to the beat of folklore from around the world!<br\/>The festival will once again take over Montr\u00e9jeau this coming summer.<br\/>Come experience the festival and enjoy four evenings of entertainment at the Montr\u00e9jeau community center.<\/p>\n\n<div class=\"wp-block-buttons is-layout-flex wp-block-buttons-is-layout-flex\">\n<div class=\"wp-block-button\"><a class=\"wp-block-button__link wp-element-button\" href=\"https:\/\/www.festivalmontrejeau.fr\/programme-2026\/\" target=\"_blank\" rel=\"noopener\">see program<\/a><\/div>\n<\/div>\n\n<div class=\"wp-block-buttons is-layout-flex wp-block-buttons-is-layout-flex\">\n<div class=\"wp-block-button\"><a class=\"wp-block-button__link wp-element-button\" href=\"https:\/\/destination-commingespyrenees.com\/content\/uploads\/2026\/08\/2026-Autour-de-Folkolor_compressed.pdf\">&#8220;Around Folklore&#8221; brochure<\/a><\/div>\n<\/div>\n\n<p class=\"wp-block-paragraph\"><strong>Tickets available at the Montr\u00e9jeau Tourist Office<\/strong><br\/>\ud83d\udccd 6, rue du Barry, 31210 Montr\u00e9jeau<br\/>\ud83c\udd7f<a href=\"https:\/\/www.google.com\/maps\/dir\/\/Pl.+Valentin+Abeille,+31210+Montr%C3%A9jeau\/@43.0858393,0.5662006,17z\/data=!4m8!4m7!1m0!1m5!1m1!1s0x12a85664ac9344a1:0xac02ed4e955acdc9!2m2!1d0.5683893!2d43.0858393\" target=\"_blank\" rel=\"noreferrer noopener\"> Place Valentin Abeille<\/a><br\/>\ud83d\udd50 <a href=\"https:\/\/www.google.com\/maps\/place\/Office+de+Tourisme+de+la+Destination+Comminges+Pyr%C3%A9n%C3%A9es+-+Montr%C3%A9jeau\/@43.0850814,0.5694518,794m\/data=!3m2!1e3!4b1!4m6!3m5!1s0x12a85664bc271653:0x8542cd3c6027aeb3!8m2!3d43.0850814!4d0.5694518!16s%2Fg%2F11g81cczx3?hl=fr&amp;entry=ttu&amp;g_ep=EgoyMDI2MDcwNS4wIKXMDSoASAFQAw%3D%3D\" target=\"_blank\" rel=\"noreferrer noopener\">See days &amp; times<\/a><\/p>\n\n<div style=\"height:36px\" aria-hidden=\"true\" class=\"wp-block-spacer\"><\/div>\n\n<h3 class=\"wp-block-heading\">Open-Air Movie Theater at the Valmirande Estate<\/h3>\n\n<h4 class=\"wp-block-heading\">September 12 at 8:30 p.m. in Mont\u00e9jeau<\/h4>\n\n<p class=\"wp-block-paragraph\">Unbelievable! Outdoor movie screening at Valmirande Castle!<br\/>Nestled between Comminges, Barousse, and Bigorre, the film <strong>*Sous le soleil des Pyr\u00e9n\u00e9es*<\/strong> takes us on a journey to discover an authentic region and the people who bring it to life. Through majestic landscapes, living traditions, and a shared heritage, this documentary pays tribute to the soul of the Pyrenees and the deep attachment of its inhabitants to their land. A heartfelt and sensitive journey into the heart of a living heritage, carried forward by those who preserve the identity of this unique region.<br\/>Director Fabrice LAUNAY treats us to an exceptional setting! The Ch\u00e2teau de Valmirande\u2014a unique moment not to be missed.   <\/p>\n\n<div class=\"wp-block-buttons is-layout-flex wp-block-buttons-is-layout-flex\">\n<div class=\"wp-block-button\"><a class=\"wp-block-button__link wp-element-button\" href=\"https:\/\/destination-commingespyrenees.com\/agenda\/cinema-de-plein-air-sous-le-soleil-des-pyrenees\/\">see calendar<\/a><\/div>\n<\/div>\n\n<p class=\"wp-block-paragraph\"><strong>Tickets available at the Montr\u00e9jeau Tourist Office<\/strong><br\/>\ud83d\udccd 6, rue du Barry, 31210 Montr\u00e9jeau<br\/>\ud83c\udd7f<a href=\"https:\/\/www.google.com\/maps\/dir\/\/Pl.+Valentin+Abeille,+31210+Montr%C3%A9jeau\/@43.0858393,0.5662006,17z\/data=!4m8!4m7!1m0!1m5!1m1!1s0x12a85664ac9344a1:0xac02ed4e955acdc9!2m2!1d0.5683893!2d43.0858393\" target=\"_blank\" rel=\"noreferrer noopener\"> Place Valentin Abeille<\/a><br\/>\ud83d\udd50 <a href=\"https:\/\/www.google.com\/maps\/place\/Office+de+Tourisme+de+la+Destination+Comminges+Pyr%C3%A9n%C3%A9es+-+Montr%C3%A9jeau\/@43.0850814,0.5694518,794m\/data=!3m2!1e3!4b1!4m6!3m5!1s0x12a85664bc271653:0x8542cd3c6027aeb3!8m2!3d43.0850814!4d0.5694518!16s%2Fg%2F11g81cczx3?hl=fr&amp;entry=ttu&amp;g_ep=EgoyMDI2MDcwNS4wIKXMDSoASAFQAw%3D%3D\" target=\"_blank\" rel=\"noreferrer noopener\">See days &amp; times<\/a><\/p>\n\n<p class=\"wp-block-paragraph\"><strong>Tickets available at the Saint-Gaudens Tourist Office<\/strong><br\/>\ud83d\udccd 2 rue Thiers, 31800 Saint-Gaudens<br\/>\ud83c\udd7f Barbastro Parking Lot or <a href=\"https:\/\/www.google.com\/maps\/dir\/\/Pl.+Nationale+Jean+Jaur%C3%A8s,+31800+Saint-Gaudens\/@43.107869,0.7223953,17z\/data=!4m8!4m7!1m0!1m5!1m1!1s0x12a8fc8e277c75cb:0x5e084861065bc3ca!2m2!1d0.724584!2d43.107869\" target=\"_blank\" rel=\"noreferrer noopener\">Place Jean Jaur\u00e8s<\/a> (parking disc required)<br\/>\ud83d\udd50 <a href=\"https:\/\/www.google.com\/maps\/place\/Office+de+Tourisme+Saint-Gaudens+%F0%9D%97%96%F0%9D%97%BC%F0%9D%97%BA%F0%9D%97%BA%F0%9D%97%B6%F0%9D%97%BB%F0%9D%97%B4%F0%9D%97%B2%F0%9D%98%80+%F0%9D%97%A3%F0%9D%98%86%F0%9D%97%BF%F0%9D%97%B2%CC%81%F0%9D%97%BB%F0%9D%97%B2%CC%81%F0%9D%97%B2%F0%9D%98%80\/@43.107925,0.725207,15z\/data=!4m5!3m4!1s0x0:0x6040a9e31db76a08!8m2!3d43.1079245!4d0.7252117\" target=\"_blank\" rel=\"noreferrer noopener\">See days &amp; times<\/a><\/p>\n\n<div style=\"height:39px\" aria-hidden=\"true\" class=\"wp-block-spacer\"><\/div>\n\n<h3 class=\"wp-block-heading\">&#8220;The Violins of Prague&#8221; Concert<\/h3>\n\n<h4 class=\"wp-block-heading\">September 20 at 4:00 p.m. at the Saint-Pierre Collegiate Church in Saint-Gaudens<\/h4>\n\n<p class=\"wp-block-paragraph\">An exceptional musical journey not to be missed\u2026<br\/>Come discover a dazzling concert featuring masterpieces of classical music by Mozart, Paganini, Faur\u00e9, and many others, as well as Dvo\u0159\u00e1k and Smetana\u2014the two famous Czech composers whom Les Violons de Prague feel so deeply connected to.<br\/>Let yourself be swept away by the Slavic spirit and the talent of a truly 100% Czech ensemble, which is sure to bring this beautiful music to life. Perhaps you\u2019ll leave this concert deeply moved and enchanted\u2026 Enjoy the journey\u2026 <\/p>\n\n<div class=\"wp-block-buttons is-layout-flex wp-block-buttons-is-layout-flex\">\n<div class=\"wp-block-button\"><a class=\"wp-block-button__link wp-element-button\" href=\"https:\/\/destination-commingespyrenees.com\/agenda\/violons-de-prague\/\">see calendar<\/a><\/div>\n<\/div>\n\n<p class=\"wp-block-paragraph\"><strong>Tickets available at the Saint-Gaudens Tourist Office<\/strong><br\/>\ud83d\udccd 2 rue Thiers, 31800 Saint-Gaudens<br\/>\ud83c\udd7f Barbastro Parking Lot or <a href=\"https:\/\/www.google.com\/maps\/dir\/\/Pl.+Nationale+Jean+Jaur%C3%A8s,+31800+Saint-Gaudens\/@43.107869,0.7223953,17z\/data=!4m8!4m7!1m0!1m5!1m1!1s0x12a8fc8e277c75cb:0x5e084861065bc3ca!2m2!1d0.724584!2d43.107869\" target=\"_blank\" rel=\"noreferrer noopener\">Place Jean Jaur\u00e8s<\/a> (parking disc required)<br\/>\ud83d\udd50 <a href=\"https:\/\/www.google.com\/maps\/place\/Office+de+Tourisme+Saint-Gaudens+%F0%9D%97%96%F0%9D%97%BC%F0%9D%97%BA%F0%9D%97%BA%F0%9D%97%B6%F0%9D%97%BB%F0%9D%97%B4%F0%9D%97%B2%F0%9D%98%80+%F0%9D%97%A3%F0%9D%98%86%F0%9D%97%BF%F0%9D%97%B2%CC%81%F0%9D%97%BB%F0%9D%97%B2%CC%81%F0%9D%97%B2%F0%9D%98%80\/@43.107925,0.725207,15z\/data=!4m5!3m4!1s0x0:0x6040a9e31db76a08!8m2!3d43.1079245!4d0.7252117\" target=\"_blank\" rel=\"noreferrer noopener\">See days &amp; times<\/a><\/p>\n\n<div style=\"height:34px\" aria-hidden=\"true\" class=\"wp-block-spacer\"><\/div>\n\n<h3 class=\"wp-block-heading\">pronomade(s)<\/h3>\n\n<h4 class=\"wp-block-heading\">all year round in Haute-Garonne<\/h4>\n\n<p class=\"wp-block-paragraph\">Pronomade(s) in Haute-Garonne is a <strong>regional cultural project<\/strong> designed not only <em>for<\/em> residents but also <em>in collaboration with<\/em> them, reaffirming the central role of the community in cultural initiatives.<br\/>Every performance is different, the atmosphere is never the same, the artists are talented, and they transport us into their worlds.<br\/>Don\u2019t miss it! Check the schedule to find out when and in which city they\u2019re performing.<\/p>\n\n<div class=\"wp-block-buttons is-layout-flex wp-block-buttons-is-layout-flex\">\n<div class=\"wp-block-button\"><a class=\"wp-block-button__link wp-element-button\" href=\"https:\/\/www.pronomades.org\/-2026-\" target=\"_blank\" rel=\"noopener\">see program<\/a><\/div>\n<\/div>\n\n<p class=\"wp-block-paragraph\"><strong><a href=\"https:\/\/destination-commingespyrenees.com\/en\/practical-info\/tourist-office\/\">At all tourist information offices in the Comminges Pyr\u00e9n\u00e9es region<\/a><\/strong><\/p>\n\n<div style=\"height:40px\" aria-hidden=\"true\" class=\"wp-block-spacer\"><\/div>\n\n<h3 class=\"wp-block-heading\">Buy a fishing license<\/h3>\n\n<h4 class=\"wp-block-heading\">all year round  <\/h4>\n\n<p class=\"wp-block-paragraph\">At any time of year, come get your fishing license at the tourist information offices of Destination Comminges Pyr\u00e9n\u00e9es.<\/p>\n\n<p class=\"wp-block-paragraph\"><strong><a href=\"https:\/\/destination-commingespyrenees.com\/en\/practical-info\/tourist-office\/\">At all tourist information offices in the Comminges Pyr\u00e9n\u00e9es region<\/a><\/strong><\/p>\n\n<div class=\"wp-block-buttons is-layout-flex wp-block-buttons-is-layout-flex\">\n<div class=\"wp-block-button\"><a class=\"wp-block-button__link wp-element-button\" href=\"https:\/\/www.fede-peche31.com\/\" target=\"_blank\" rel=\"noopener\">Fishing Federation 31<\/a><\/div>\n<\/div>\n\n<div style=\"height:40px\" aria-hidden=\"true\" class=\"wp-block-spacer\"><\/div>\n\n<div class=\"wp-block-group has-accent-3-background-color has-background has-global-padding is-layout-constrained wp-container-core-group-is-layout-e00b098c wp-block-group-is-layout-constrained\" style=\"border-top-left-radius:1rem;border-top-right-radius:1rem;border-bottom-left-radius:1rem;border-bottom-right-radius:1rem;padding-top:var(--wp--preset--spacing--50);padding-right:var(--wp--preset--spacing--50);padding-bottom:var(--wp--preset--spacing--50);padding-left:var(--wp--preset--spacing--50)\">\n<h4 class=\"wp-block-heading has-accent-1-color has-text-color has-link-color wp-elements-0c412cbef2a043bc052ef0557de12044\">Tourist Office of Destination Comminges Pyr\u00e9n\u00e9es <\/h4>\n\n\n\n<p class=\"wp-block-paragraph\">Tel: <a href=\"tel:05 61 94 77 61\">05 61 94 77 61<\/a><br\/>Email: <a href=\"mailto:info@destination-commingespyrenees.com\">info@destination-commingespyrenees.com<\/a><\/p>\n<\/div>\n\n<div class=\"wp-block-buttons is-layout-flex wp-block-buttons-is-layout-flex\">\n<div class=\"wp-block-button is-style-fill\"><a class=\"wp-block-button__link wp-element-button\" href=\"https:\/\/destination-commingespyrenees.com\/en\/agenda\/\">Check the calendar<\/a><\/div>\n<\/div>\n","protected":false},"excerpt":{"rendered":"<p>Home \u2022\u2022\u2022 Practical Information \u2022\u2022\u2022 Our Brochures Plan your outings, and be sure to reserve your spot for upcoming events. Right now 66TH EDITION of the Folklore Festival August 13\u201317 in Montr\u00e9jeau Montr\u00e9jeau, to the beat of folklore from around the world!The festival will once again take over Montr\u00e9jeau this coming summer.Come experience the festival [&hellip;]<\/p>\n","protected":false},"author":4,"featured_media":0,"parent":0,"menu_order":0,"comment_status":"closed","ping_status":"closed","template":"","meta":{"_acf_changed":false,"_is_professional_area":false,"footnotes":""},"experience_category":[],"class_list":["post-24990","page","type-page","status-publish","hentry"],"acf":[],"_links":{"self":[{"href":"https:\/\/destination-commingespyrenees.com\/en\/wp-json\/wp\/v2\/pages\/24990","targetHints":{"allow":["GET"]}}],"collection":[{"href":"https:\/\/destination-commingespyrenees.com\/en\/wp-json\/wp\/v2\/pages"}],"about":[{"href":"https:\/\/destination-commingespyrenees.com\/en\/wp-json\/wp\/v2\/types\/page"}],"author":[{"embeddable":true,"href":"https:\/\/destination-commingespyrenees.com\/en\/wp-json\/wp\/v2\/users\/4"}],"replies":[{"embeddable":true,"href":"https:\/\/destination-commingespyrenees.com\/en\/wp-json\/wp\/v2\/comments?post=24990"}],"version-history":[{"count":4,"href":"https:\/\/destination-commingespyrenees.com\/en\/wp-json\/wp\/v2\/pages\/24990\/revisions"}],"predecessor-version":[{"id":25431,"href":"https:\/\/destination-commingespyrenees.com\/en\/wp-json\/wp\/v2\/pages\/24990\/revisions\/25431"}],"wp:attachment":[{"href":"https:\/\/destination-commingespyrenees.com\/en\/wp-json\/wp\/v2\/media?parent=24990"}],"wp:term":[{"taxonomy":"experience_category","embeddable":true,"href":"https:\/\/destination-commingespyrenees.com\/en\/wp-json\/wp\/v2\/experience_category?post=24990"}],"curies":[{"name":"wp","href":"https:\/\/api.w.org\/{rel}","templated":true}]}}