{"id":24932,"date":"2026-08-19T15:42:40","date_gmt":"2026-08-19T13:42:40","guid":{"rendered":"https:\/\/destination-commingespyrenees.com\/fmamid031v50u5bl-es"},"modified":"2026-08-26T16:02:40","modified_gmt":"2026-08-26T14:02:40","slug":"exposition-marie-odile-colombie-FMAMID031V50U5BL","status":"publish","type":"agenda","link":"https:\/\/destination-commingespyrenees.com\/es\/agenda\/exposition-marie-odile-colombie-FMAMID031V50U5BL\/","title":{"rendered":"EXPOSITION &#8220;MARIE-ODILE COLOMBI\u00c9&#8221;"},"excerpt":{"rendered":"<p>Doy vida a las fotos o a los carteles esculpi\u00e9ndolos. Al convertir as\u00ed mis obras en algo t\u00e1ctil, mis manos se convierten en el hilo conductor de las emociones que cada uno percibe, tanto las que transmitimos como las que recibimos.<\/p>\n","protected":false},"template":"","meta":{"_acf_changed":false},"class_list":["post-24932","agenda","type-agenda","status-publish","hentry"],"acf":[],"_links":{"self":[{"href":"https:\/\/destination-commingespyrenees.com\/es\/wp-json\/wp\/v2\/agenda\/24932","targetHints":{"allow":["GET"]}}],"collection":[{"href":"https:\/\/destination-commingespyrenees.com\/es\/wp-json\/wp\/v2\/agenda"}],"about":[{"href":"https:\/\/destination-commingespyrenees.com\/es\/wp-json\/wp\/v2\/types\/agenda"}],"wp:attachment":[{"href":"https:\/\/destination-commingespyrenees.com\/es\/wp-json\/wp\/v2\/media?parent=24932"}],"curies":[{"name":"wp","href":"https:\/\/api.w.org\/{rel}","templated":true}]}}