{"id":25387,"date":"2026-08-25T16:00:57","date_gmt":"2026-08-25T14:00:57","guid":{"rendered":"https:\/\/destination-commingespyrenees.com\/fmamid031v51242f-es"},"modified":"2026-08-26T16:06:21","modified_gmt":"2026-08-26T14:06:21","slug":"pronomades-miam-miam-la-nuit-des-temps-FMAMID031V51242F","status":"publish","type":"agenda","link":"https:\/\/destination-commingespyrenees.com\/es\/agenda\/pronomades-miam-miam-la-nuit-des-temps-FMAMID031V51242F\/","title":{"rendered":"PRONOMADE(S) : MIAM MIAM &#8220;LA NUIT DES TEMPS&#8221;"},"excerpt":{"rendered":"<p>Para todos los p\u00fablicos a partir de 14 a\u00f1os No os desvelaremos gran cosa de esta singular creaci\u00f3n, una especie de ciencia ficci\u00f3n paisaj\u00edstica, salvo que se trata de una experiencia que hay que vivir, una invitaci\u00f3n a sentir en nuestro cuerpo el tiempo de la naturaleza, muy diferente del de nuestras agendas. El perfil, [&hellip;]<\/p>\n","protected":false},"template":"","meta":{"_acf_changed":false},"class_list":["post-25387","agenda","type-agenda","status-publish","hentry"],"acf":[],"_links":{"self":[{"href":"https:\/\/destination-commingespyrenees.com\/es\/wp-json\/wp\/v2\/agenda\/25387","targetHints":{"allow":["GET"]}}],"collection":[{"href":"https:\/\/destination-commingespyrenees.com\/es\/wp-json\/wp\/v2\/agenda"}],"about":[{"href":"https:\/\/destination-commingespyrenees.com\/es\/wp-json\/wp\/v2\/types\/agenda"}],"wp:attachment":[{"href":"https:\/\/destination-commingespyrenees.com\/es\/wp-json\/wp\/v2\/media?parent=25387"}],"curies":[{"name":"wp","href":"https:\/\/api.w.org\/{rel}","templated":true}]}}