{"id":25849,"date":"2026-09-05T16:18:44","date_gmt":"2026-09-05T14:18:44","guid":{"rendered":"https:\/\/destination-commingespyrenees.com\/fmamid031v51273q-es"},"modified":"2026-09-06T03:02:02","modified_gmt":"2026-09-06T01:02:02","slug":"journees-europeennes-du-patrimoine-FMAMID031V51273Q","status":"publish","type":"agenda","link":"https:\/\/destination-commingespyrenees.com\/es\/agenda\/journees-europeennes-du-patrimoine-FMAMID031V51273Q\/","title":{"rendered":"JOURN\u00c9ES EUROP\u00c9ENNES DU PATRIMOINE"},"excerpt":{"rendered":"<p>La antigua iglesia estaba vinculada a la abad\u00eda cisterciense de la Lumi\u00e8re-Dieu, en Comminges, destruida durante la Revoluci\u00f3n. Se trata de una peque\u00f1a iglesia rural construida en el siglo XVII sobre cimientos de la \u00e9poca rom\u00e1nica, cuya puerta est\u00e1 protegida por un porche situado al pie del campanario adosado, que a su vez cuenta con [&hellip;]<\/p>\n","protected":false},"template":"","meta":{"_acf_changed":false},"class_list":["post-25849","agenda","type-agenda","status-publish","hentry"],"acf":[],"_links":{"self":[{"href":"https:\/\/destination-commingespyrenees.com\/es\/wp-json\/wp\/v2\/agenda\/25849","targetHints":{"allow":["GET"]}}],"collection":[{"href":"https:\/\/destination-commingespyrenees.com\/es\/wp-json\/wp\/v2\/agenda"}],"about":[{"href":"https:\/\/destination-commingespyrenees.com\/es\/wp-json\/wp\/v2\/types\/agenda"}],"wp:attachment":[{"href":"https:\/\/destination-commingespyrenees.com\/es\/wp-json\/wp\/v2\/media?parent=25849"}],"curies":[{"name":"wp","href":"https:\/\/api.w.org\/{rel}","templated":true}]}}