{"id":12234,"date":"2026-03-12T16:53:33","date_gmt":"2026-03-12T15:53:33","guid":{"rendered":"https:\/\/destination-commingespyrenees.com\/100-local\/la-restauracion\/"},"modified":"2026-08-17T14:20:16","modified_gmt":"2026-08-17T12:20:16","slug":"la-restauracion","status":"publish","type":"page","link":"https:\/\/destination-commingespyrenees.com\/es\/preparar-mi-estancia\/100-local\/la-restauracion\/","title":{"rendered":"La restauraci\u00f3n"},"content":{"rendered":"\n<section class=\"wp-block-cover alignfull pattern-hero-section\"><img decoding=\"async\" width=\"2048\" height=\"1480\" class=\"wp-block-cover__image-background wp-image-2017 size-full\" alt=\"se restaurer.\nphoto resto\" src=\"https:\/\/destination-commingespyrenees.com\/content\/uploads\/2026\/03\/12-12-scaled.jpg\" style=\"object-position:39% 53%\" data-object-fit=\"cover\" data-object-position=\"39% 53%\" srcset=\"https:\/\/destination-commingespyrenees.com\/content\/uploads\/2026\/03\/12-12-scaled.jpg 2048w, https:\/\/destination-commingespyrenees.com\/content\/uploads\/2026\/03\/12-12-800x578.jpg 800w, https:\/\/destination-commingespyrenees.com\/content\/uploads\/2026\/03\/12-12-1600x1156.jpg 1600w, https:\/\/destination-commingespyrenees.com\/content\/uploads\/2026\/03\/12-12-768x555.jpg 768w, https:\/\/destination-commingespyrenees.com\/content\/uploads\/2026\/03\/12-12-1536x1110.jpg 1536w\" sizes=\"(max-width: 2048px) 100vw, 2048px\" \/><span aria-hidden=\"true\" class=\"wp-block-cover__background has-background-dim-40 has-background-dim wp-block-cover__gradient-background has-background-gradient\" style=\"background:linear-gradient(180deg,rgb(0,0,0) 0%,rgba(0,0,0,0) 50%,rgba(0,0,0) 100%)\"><\/span><div class=\"wp-block-cover__inner-container has-global-padding is-layout-constrained wp-block-cover-is-layout-constrained\">\n<div class=\"wp-block-group alignwide is-layout-flow wp-block-group-is-layout-flow\"><h1 class=\"wp-block-post-title\">La restauraci\u00f3n<\/h1>\n\n\n<p class=\"has-medium-font-size wp-block-paragraph\" style=\"font-style:normal;font-weight:700\">Descubre los restaurantes de la zona de Comminges-Pirineos<br\/><br\/><\/p>\n<\/div>\n<\/div><\/section>\n\n<section class=\"wp-block-group alignfull pattern-breadcrumb has-global-padding is-layout-constrained wp-block-group-is-layout-constrained\">\n<div class=\"wp-block-group alignwide is-layout-flow wp-block-group-is-layout-flow\"><nav class=\"rank-math-breadcrumb\" aria-label=\"Ruta de navegaci\u00f3n\" style=\"--separator: &quot;\u2022\u2022\u2022&quot;\"><ol><li><span aria-current=\"page\">Inicio<\/span><\/li><\/ol><\/nav><\/div>\n<\/section>\n\n<p class=\"wp-block-paragraph\">Este destino te invita a disfrutar de una aut\u00e9ntica experiencia culinaria en sus numerosos restaurantes. Entre especialidades locales, productos de la tierra y cocina creativa, cada mesa es una oportunidad para descubrir los sabores de la regi\u00f3n y disfrutar de una buena comida. Ya sea para una comida en buena compa\u00f1\u00eda, una pausa gastron\u00f3mica o una cena refinada, los restauradores del destino te dan la bienvenida a un aut\u00e9ntico viaje gastron\u00f3mico.  <\/p>\n<div class=\"has-map alignfull wp-block-bedrock-listing has-global-padding is-layout-constrained wp-block-bedrock-listing-is-layout-constrained\">\n\n\t\n<div class=\"alignwide wp-block-bedrock-facetwp-facets is-layout-flex wp-block-bedrock-facetwp-facets-is-layout-flex\">\n\t<div id=\"extra-facets-c4c19454-b737-42e5-ac59-b9af38acd86b\" class=\"facetwp-facets\">\n\t\t\n<fieldset class=\"wp-block-bedrock-facetwp-facet\" data-facet-name=\"commune\" data-hide-when-empty=\"\" data-show-count=\"\">\n\t<legend class=\"facetwp-facet__label\">\n        Comuna    <\/legend>\n\n\t<div class=\"facetwp-facet facetwp-facet-commune facetwp-type-fselect\" data-name=\"commune\" data-type=\"fselect\"><\/div><\/fieldset>\n\n\n<fieldset class=\"wp-block-bedrock-facetwp-facet\" data-facet-name=\"type\" data-hide-when-empty=\"\" data-show-count=\"\">\n\t<legend class=\"facetwp-facet__label\">\n        Tipo    <\/legend>\n\n\t<div class=\"facetwp-facet facetwp-facet-type facetwp-type-fselect\" data-name=\"type\" data-type=\"fselect\"><\/div><\/fieldset>\n\n\n<fieldset class=\"wp-block-bedrock-facetwp-facet\" data-facet-name=\"classement\" data-hide-when-empty=\"\" data-show-count=\"\">\n\t<legend class=\"facetwp-facet__label\">\n        Clasificaci\u00f3n    <\/legend>\n\n\t<div class=\"facetwp-facet facetwp-facet-classement facetwp-type-fselect\" data-name=\"classement\" data-type=\"fselect\"><\/div><\/fieldset>\n\n\n<fieldset class=\"wp-block-bedrock-facetwp-facet\" data-facet-name=\"equipements\" data-hide-when-empty=\"\" data-show-count=\"\">\n\t<legend class=\"facetwp-facet__label\">\n        \u00c9quipements    <\/legend>\n\n\t<div class=\"facetwp-facet facetwp-facet-equipements facetwp-type-fselect\" data-name=\"equipements\" data-type=\"fselect\"><\/div><\/fieldset>\n\n\n<fieldset class=\"wp-block-bedrock-facetwp-facet\" data-facet-name=\"handicapmobilitereduite\" data-hide-when-empty=\"\">\n\t<legend class=\"screen-reader-text\">\n        Acceso para PMR    <\/legend>\n\n\t<div class=\"facetwp-facet facetwp-facet-handicapmobilitereduite facetwp-type-fs_boolean\" data-name=\"handicapmobilitereduite\" data-type=\"fs_boolean\"><\/div><\/fieldset>\n\n\n<fieldset class=\"wp-block-bedrock-facetwp-facet\" data-facet-name=\"animauxacceptes\" data-hide-when-empty=\"\">\n\t<legend class=\"screen-reader-text\">\n        Se admiten mascotas    <\/legend>\n\n\t<div class=\"facetwp-facet facetwp-facet-animauxacceptes facetwp-type-fs_boolean\" data-name=\"animauxacceptes\" data-type=\"fs_boolean\"><\/div><\/fieldset>\n\n\t<\/div>\n\n\t\t\t<div class=\"wp-block-bedrock-facetwp-facets__tools\">\n\t\t\t\t\t\t\t\n\t\t\t\t\t\t<div class=\"wp-block-button wp-block-bedrock-facetwp-facets__filters-btn is-style-outline is-style-outline--1 has-icon\">\n\t\t\t\t\t\t\t<button type=\"button\" class=\"wp-block-button__link wp-element-button\" aria-expanded=\"false\" aria-controls=\"extra-facets-c4c19454-b737-42e5-ac59-b9af38acd86b\"><svg class=\"icon icon-filters\" aria-hidden=\"true\" focusable=\"false\"><use href=\"https:\/\/destination-commingespyrenees.com\/content\/themes\/bedrock\/assets\/icons\/sprite.svg#filters\"><\/use><\/svg><span class=\"text\">Filtros<\/span><\/button>\n\t\t\t\t\t\t<\/div>\n\t\t\t\t\t\t\t\t\t\n\t\t\t\t\t\t\t\n\t\t\t\t\t\t<div class=\"wp-block-button facetwp-facet-reset has-icon\">\n\t\t\t\t\t\t\t<button type=\"button\" class=\"wp-block-button__link wp-element-button\"><svg class=\"icon icon-reset\" aria-hidden=\"true\" focusable=\"false\"><use href=\"https:\/\/destination-commingespyrenees.com\/content\/themes\/bedrock\/assets\/icons\/sprite.svg#reset\"><\/use><\/svg><span class=\"text\">Reiniciar<\/span><\/button>\n\t\t\t\t\t\t<\/div>\n\t\t\t\t\t\t\t\t\t\t\t<\/div>\n\t\n\t<div class=\"facetwp-facet facetwp-facet-counter_btn facetwp-type-pager\" data-name=\"counter_btn\" data-type=\"pager\"><\/div><\/div>\n\n\n\t\t\t<p>Lo sentimos, ninguna entrada coincide con tus criterios.<\/p>\n\t<\/div>\n","protected":false},"excerpt":{"rendered":"<p>Este destino te invita a disfrutar de una aut\u00e9ntica experiencia culinaria en sus numerosos restaurantes. Entre especialidades locales, productos de la tierra y cocina creativa, cada mesa es una oportunidad para descubrir los sabores de la regi\u00f3n y disfrutar de una buena comida. Ya sea para una comida en buena compa\u00f1\u00eda, una pausa gastron\u00f3mica o [&hellip;]<\/p>\n","protected":false},"author":3,"featured_media":12228,"parent":7085,"menu_order":0,"comment_status":"closed","ping_status":"closed","template":"","meta":{"_acf_changed":false,"_is_professional_area":false,"footnotes":""},"experience_category":[],"class_list":["post-12234","page","type-page","status-publish","has-post-thumbnail","hentry"],"acf":[],"_links":{"self":[{"href":"https:\/\/destination-commingespyrenees.com\/es\/wp-json\/wp\/v2\/pages\/12234","targetHints":{"allow":["GET"]}}],"collection":[{"href":"https:\/\/destination-commingespyrenees.com\/es\/wp-json\/wp\/v2\/pages"}],"about":[{"href":"https:\/\/destination-commingespyrenees.com\/es\/wp-json\/wp\/v2\/types\/page"}],"author":[{"embeddable":true,"href":"https:\/\/destination-commingespyrenees.com\/es\/wp-json\/wp\/v2\/users\/3"}],"replies":[{"embeddable":true,"href":"https:\/\/destination-commingespyrenees.com\/es\/wp-json\/wp\/v2\/comments?post=12234"}],"version-history":[{"count":12,"href":"https:\/\/destination-commingespyrenees.com\/es\/wp-json\/wp\/v2\/pages\/12234\/revisions"}],"predecessor-version":[{"id":24763,"href":"https:\/\/destination-commingespyrenees.com\/es\/wp-json\/wp\/v2\/pages\/12234\/revisions\/24763"}],"up":[{"embeddable":true,"href":"https:\/\/destination-commingespyrenees.com\/es\/wp-json\/wp\/v2\/pages\/7085"}],"wp:attachment":[{"href":"https:\/\/destination-commingespyrenees.com\/es\/wp-json\/wp\/v2\/media?parent=12234"}],"wp:term":[{"taxonomy":"experience_category","embeddable":true,"href":"https:\/\/destination-commingespyrenees.com\/es\/wp-json\/wp\/v2\/experience_category?post=12234"}],"curies":[{"name":"wp","href":"https:\/\/api.w.org\/{rel}","templated":true}]}}