{"id":20038,"date":"2026-03-12T12:09:43","date_gmt":"2026-03-12T11:09:43","guid":{"rendered":"https:\/\/destination-commingespyrenees.com\/casas-rurales-y-alojamientos-turisticos-amueblados\/"},"modified":"2026-07-30T15:12:59","modified_gmt":"2026-07-30T13:12:59","slug":"casas-rurales-y-alojamientos-turisticos-amueblados","status":"publish","type":"page","link":"https:\/\/destination-commingespyrenees.com\/es\/preparar-mi-estancia\/alojamiento\/casas-rurales-y-alojamientos-turisticos-amueblados\/","title":{"rendered":"Casas rurales"},"content":{"rendered":"\n<section class=\"wp-block-cover alignfull pattern-hero-section\"><img decoding=\"async\" width=\"1600\" height=\"1200\" class=\"wp-block-cover__image-background wp-image-1946 size-full\" alt=\"Gites et meubl\u00e9s de tourisme en Comminges Pyr\u00e9n\u00e9es\" src=\"https:\/\/destination-commingespyrenees.com\/content\/uploads\/2026\/03\/gite-en-destination-comminges-pyrenees.jpg\" data-object-fit=\"cover\" srcset=\"https:\/\/destination-commingespyrenees.com\/content\/uploads\/2026\/03\/gite-en-destination-comminges-pyrenees.jpg 1600w, https:\/\/destination-commingespyrenees.com\/content\/uploads\/2026\/03\/gite-en-destination-comminges-pyrenees-800x600.jpg 800w, https:\/\/destination-commingespyrenees.com\/content\/uploads\/2026\/03\/gite-en-destination-comminges-pyrenees-768x576.jpg 768w, https:\/\/destination-commingespyrenees.com\/content\/uploads\/2026\/03\/gite-en-destination-comminges-pyrenees-1536x1152.jpg 1536w\" sizes=\"(max-width: 1600px) 100vw, 1600px\" \/><span aria-hidden=\"true\" class=\"wp-block-cover__background has-background-dim-40 has-background-dim wp-block-cover__gradient-background has-background-gradient\" style=\"background:linear-gradient(180deg,rgb(0,0,0) 0%,rgba(0,0,0,0) 50%,rgba(0,0,0) 100%)\"><\/span><div class=\"wp-block-cover__inner-container has-global-padding is-layout-constrained wp-block-cover-is-layout-constrained\">\n<div class=\"wp-block-group alignwide is-layout-flow wp-block-group-is-layout-flow\"><h1 class=\"wp-block-post-title\">Casas rurales<\/h1>\n\n\n<p class=\"has-medium-font-size wp-block-paragraph\" style=\"font-style:normal;font-weight:700\">Casas rurales y alojamientos tur\u00edsticos amueblados en Comminges-Pirineos: al\u00f3jate en el valle del Garona y en las laderas, entre la ciudad y el campo<\/p>\n<\/div>\n<\/div><\/section>\n\n\n\n<section class=\"wp-block-group alignfull pattern-breadcrumb has-global-padding is-layout-constrained wp-block-group-is-layout-constrained\">\n<div class=\"wp-block-group alignwide is-layout-flow wp-block-group-is-layout-flow\"><nav class=\"rank-math-breadcrumb\" aria-label=\"Ruta de navegaci\u00f3n\" style=\"--separator: &quot;\u2022\u2022\u2022&quot;\"><ol><li><span aria-current=\"page\">Inicio<\/span><\/li><\/ol><\/nav><\/div>\n<\/section>\n\n\n\n<p class=\"wp-block-paragraph\">Cuando se viaja en familia, a orillas de un lago o al campo, y se quiere disfrutar de Comminges Pyr\u00e9n\u00e9es con total independencia, ya sea para un fin de semana, una semana o para m\u00e1s tiempo, el alquiler vacacional es la soluci\u00f3n id\u00f3nea. Alquilar una vivienda en vacaciones significa disponer de un punto de partida perfecto para innumerables paseos y excursiones, sentirse como en casa con todas las comodidades, disfrutar de los m\u00e1s peque\u00f1os sin preocupaciones, y a menudo incluso contar con piscina propia. Seguro que entre las siguientes viviendas encuentra el alquiler perfecto para tus necesidades. \u00a1Ven y te sentir\u00e1s como en casa!<a href=\"mailto:?body=https:\/\/www.vacaciones-bretana.com\/prepara-tu-estancia\/donde-dormir\/casas-rurales\/\" target=\"_blank\" rel=\"noreferrer noopener\"><\/a><a href=\"https:\/\/facebook.com\/sharer\/sharer.php?u=https:\/\/www.vacaciones-bretana.com\/prepara-tu-estancia\/donde-dormir\/casas-rurales\/\" target=\"_blank\" rel=\"noreferrer noopener\"><\/a><a href=\"https:\/\/pinterest.com\/pin\/create\/button\/?url=https:\/\/www.vacaciones-bretana.com\/prepara-tu-estancia\/donde-dormir\/casas-rurales\/\" target=\"_blank\" rel=\"noreferrer noopener\"><\/a><\/p>\n\n\n<div class=\"has-map alignfull wp-block-bedrock-listing has-global-padding is-layout-constrained wp-block-bedrock-listing-is-layout-constrained\">\n\n\t\n<div class=\"alignwide wp-block-bedrock-facetwp-facets is-layout-flex wp-block-bedrock-facetwp-facets-is-layout-flex\">\n\t<div id=\"extra-facets-f7aac60e-9eaf-4058-b5d4-ed01906c45be\" class=\"facetwp-facets\">\n\t\t\n<fieldset class=\"wp-block-bedrock-facetwp-facet\" data-facet-name=\"commune\" data-hide-when-empty=\"\" data-show-count=\"\">\n\t<legend class=\"facetwp-facet__label\">\n        Comuna    <\/legend>\n\n\t<div class=\"facetwp-facet facetwp-facet-commune facetwp-type-fselect\" data-name=\"commune\" data-type=\"fselect\"><\/div><\/fieldset>\n\n\n<fieldset class=\"wp-block-bedrock-facetwp-facet\" data-facet-name=\"categorie\" data-hide-when-empty=\"\" data-show-count=\"\">\n\t<legend class=\"facetwp-facet__label\">\n        Categor\u00eda    <\/legend>\n\n\t<div class=\"facetwp-facet facetwp-facet-categorie facetwp-type-fselect\" data-name=\"categorie\" data-type=\"fselect\"><\/div><\/fieldset>\n\n\n<fieldset class=\"wp-block-bedrock-facetwp-facet\" data-facet-name=\"classement\" data-hide-when-empty=\"\" data-show-count=\"\">\n\t<legend class=\"facetwp-facet__label\">\n        Clasificaci\u00f3n    <\/legend>\n\n\t<div class=\"facetwp-facet facetwp-facet-classement facetwp-type-fselect\" data-name=\"classement\" data-type=\"fselect\"><\/div><\/fieldset>\n\n\n<fieldset class=\"wp-block-bedrock-facetwp-facet\" data-facet-name=\"labels_marques\" data-hide-when-empty=\"\" data-show-count=\"\">\n\t<legend class=\"facetwp-facet__label\">\n        Etiquetas y Marcas    <\/legend>\n\n\t<div class=\"facetwp-facet facetwp-facet-labels_marques facetwp-type-fselect\" data-name=\"labels_marques\" data-type=\"fselect\"><\/div><\/fieldset>\n\n\n<fieldset class=\"wp-block-bedrock-facetwp-facet\" data-facet-name=\"nombredechambres\" data-hide-when-empty=\"\" data-show-count=\"\">\n\t<legend class=\"facetwp-facet__label\">\n        N\u00famero de habitaciones    <\/legend>\n\n\t<div class=\"facetwp-facet facetwp-facet-nombredechambres facetwp-type-slider\" data-name=\"nombredechambres\" data-type=\"slider\"><\/div><\/fieldset>\n\n\n<fieldset class=\"wp-block-bedrock-facetwp-facet\" data-facet-name=\"capacitemaximum\" data-hide-when-empty=\"\" data-show-count=\"\">\n\t<legend class=\"facetwp-facet__label\">\n        Capacidad m\u00e1xima    <\/legend>\n\n\t<div class=\"facetwp-facet facetwp-facet-capacitemaximum facetwp-type-slider\" data-name=\"capacitemaximum\" data-type=\"slider\"><\/div><\/fieldset>\n\n\n<fieldset class=\"wp-block-bedrock-facetwp-facet\" data-facet-name=\"animauxacceptes\" data-hide-when-empty=\"\">\n\t<legend class=\"screen-reader-text\">\n        Se admiten mascotas    <\/legend>\n\n\t<div class=\"facetwp-facet facetwp-facet-animauxacceptes facetwp-type-fs_boolean\" data-name=\"animauxacceptes\" data-type=\"fs_boolean\"><\/div><\/fieldset>\n\n\n<fieldset class=\"wp-block-bedrock-facetwp-facet\" data-facet-name=\"handicapmobilitereduite\" data-hide-when-empty=\"\">\n\t<legend class=\"screen-reader-text\">\n        Acceso para PMR    <\/legend>\n\n\t<div class=\"facetwp-facet facetwp-facet-handicapmobilitereduite facetwp-type-fs_boolean\" data-name=\"handicapmobilitereduite\" data-type=\"fs_boolean\"><\/div><\/fieldset>\n\n\t<\/div>\n\n\t\t\t<div class=\"wp-block-bedrock-facetwp-facets__tools\">\n\t\t\t\t\t\t\t\n\t\t\t\t\t\t<div class=\"wp-block-button wp-block-bedrock-facetwp-facets__filters-btn is-style-outline is-style-outline--1 has-icon\">\n\t\t\t\t\t\t\t<button type=\"button\" class=\"wp-block-button__link wp-element-button\" aria-expanded=\"false\" aria-controls=\"extra-facets-f7aac60e-9eaf-4058-b5d4-ed01906c45be\"><svg class=\"icon icon-filters\" aria-hidden=\"true\" focusable=\"false\"><use href=\"https:\/\/destination-commingespyrenees.com\/content\/themes\/bedrock\/assets\/icons\/sprite.svg#filters\"><\/use><\/svg><span class=\"text\">Filtros<\/span><\/button>\n\t\t\t\t\t\t<\/div>\n\t\t\t\t\t\t\t\t\t\n\t\t\t\t\t\t\t\n\t\t\t\t\t\t<div class=\"wp-block-button facetwp-facet-reset has-icon\">\n\t\t\t\t\t\t\t<button type=\"button\" class=\"wp-block-button__link wp-element-button\"><svg class=\"icon icon-reset\" aria-hidden=\"true\" focusable=\"false\"><use href=\"https:\/\/destination-commingespyrenees.com\/content\/themes\/bedrock\/assets\/icons\/sprite.svg#reset\"><\/use><\/svg><span class=\"text\">Reiniciar<\/span><\/button>\n\t\t\t\t\t\t<\/div>\n\t\t\t\t\t\t\t\t\t\t\t<\/div>\n\t\n\t<div class=\"facetwp-facet facetwp-facet-counter_btn facetwp-type-pager\" data-name=\"counter_btn\" data-type=\"pager\"><\/div><\/div>\n\n\n\t\t\t<p>Lo sentimos, ninguna entrada coincide con tus criterios.<\/p>\n\t<\/div>\n\n\n\n<p class=\"wp-block-paragraph\"><\/p>\n","protected":false},"excerpt":{"rendered":"<p>Cuando se viaja en familia, a orillas de un lago o al campo, y se quiere disfrutar de Comminges Pyr\u00e9n\u00e9es con total independencia, ya sea para un fin de semana, una semana o para m\u00e1s tiempo, el alquiler vacacional es la soluci\u00f3n id\u00f3nea. Alquilar una vivienda en vacaciones significa disponer de un punto de partida [&hellip;]<\/p>\n","protected":false},"author":3,"featured_media":20039,"parent":20080,"menu_order":0,"comment_status":"closed","ping_status":"closed","template":"","meta":{"_acf_changed":false,"_is_professional_area":false,"footnotes":""},"experience_category":[],"class_list":["post-20038","page","type-page","status-publish","has-post-thumbnail","hentry"],"acf":[],"_links":{"self":[{"href":"https:\/\/destination-commingespyrenees.com\/es\/wp-json\/wp\/v2\/pages\/20038","targetHints":{"allow":["GET"]}}],"collection":[{"href":"https:\/\/destination-commingespyrenees.com\/es\/wp-json\/wp\/v2\/pages"}],"about":[{"href":"https:\/\/destination-commingespyrenees.com\/es\/wp-json\/wp\/v2\/types\/page"}],"author":[{"embeddable":true,"href":"https:\/\/destination-commingespyrenees.com\/es\/wp-json\/wp\/v2\/users\/3"}],"replies":[{"embeddable":true,"href":"https:\/\/destination-commingespyrenees.com\/es\/wp-json\/wp\/v2\/comments?post=20038"}],"version-history":[{"count":5,"href":"https:\/\/destination-commingespyrenees.com\/es\/wp-json\/wp\/v2\/pages\/20038\/revisions"}],"predecessor-version":[{"id":23985,"href":"https:\/\/destination-commingespyrenees.com\/es\/wp-json\/wp\/v2\/pages\/20038\/revisions\/23985"}],"up":[{"embeddable":true,"href":"https:\/\/destination-commingespyrenees.com\/es\/wp-json\/wp\/v2\/pages\/20080"}],"wp:featuredmedia":[{"embeddable":true,"href":"https:\/\/destination-commingespyrenees.com\/es\/wp-json\/wp\/v2\/media\/20039"}],"wp:attachment":[{"href":"https:\/\/destination-commingespyrenees.com\/es\/wp-json\/wp\/v2\/media?parent=20038"}],"wp:term":[{"taxonomy":"experience_category","embeddable":true,"href":"https:\/\/destination-commingespyrenees.com\/es\/wp-json\/wp\/v2\/experience_category?post=20038"}],"curies":[{"name":"wp","href":"https:\/\/api.w.org\/{rel}","templated":true}]}}