{"id":20086,"date":"2026-03-12T12:38:14","date_gmt":"2026-03-12T11:38:14","guid":{"rendered":"https:\/\/destination-commingespyrenees.com\/preparar-mi-estancia\/alojamiento\/aparcar-mi-autocaravana-o-mi-furgoneta\/"},"modified":"2026-07-30T15:08:37","modified_gmt":"2026-07-30T13:08:37","slug":"aparcar-mi-autocaravana-o-mi-furgoneta","status":"publish","type":"page","link":"https:\/\/destination-commingespyrenees.com\/es\/preparar-mi-estancia\/alojamiento\/aparcar-mi-autocaravana-o-mi-furgoneta\/","title":{"rendered":"Aparcar mi autocaravana o mi furgoneta"},"content":{"rendered":"\n<section class=\"wp-block-cover alignfull pattern-hero-section\"><img decoding=\"async\" width=\"1600\" height=\"1200\" class=\"wp-block-cover__image-background wp-image-1965 size-full\" alt=\"Poser mon camping-car o\u00f9 mon van. Aire de camping car st gaudens\" src=\"https:\/\/destination-commingespyrenees.com\/content\/uploads\/2026\/03\/aire-de-service-camping-car-saint-Gaudens.jpg\" style=\"object-position:75% 61%\" data-object-fit=\"cover\" data-object-position=\"75% 61%\" srcset=\"https:\/\/destination-commingespyrenees.com\/content\/uploads\/2026\/03\/aire-de-service-camping-car-saint-Gaudens.jpg 1600w, https:\/\/destination-commingespyrenees.com\/content\/uploads\/2026\/03\/aire-de-service-camping-car-saint-Gaudens-800x600.jpg 800w, https:\/\/destination-commingespyrenees.com\/content\/uploads\/2026\/03\/aire-de-service-camping-car-saint-Gaudens-768x576.jpg 768w, https:\/\/destination-commingespyrenees.com\/content\/uploads\/2026\/03\/aire-de-service-camping-car-saint-Gaudens-1536x1152.jpg 1536w\" sizes=\"(max-width: 1600px) 100vw, 1600px\" \/><span aria-hidden=\"true\" class=\"wp-block-cover__background has-background-dim-40 has-background-dim wp-block-cover__gradient-background has-background-gradient\" style=\"background:linear-gradient(180deg,rgb(0,0,0) 0%,rgba(0,0,0,0) 50%,rgba(0,0,0) 100%)\"><\/span><div class=\"wp-block-cover__inner-container has-global-padding is-layout-constrained wp-block-cover-is-layout-constrained\">\n<div class=\"wp-block-group alignwide is-layout-flow wp-block-group-is-layout-flow\"><h1 class=\"wp-block-post-title\">Aparcar mi autocaravana o mi furgoneta<\/h1>\n\n\n<p class=\"has-medium-font-size wp-block-paragraph\" style=\"font-style:normal;font-weight:700\">\u00bfD\u00f3nde acampar en Comminges-Pirineos?<\/p>\n<\/div>\n<\/div><\/section>\n\n\n\n<section class=\"wp-block-group alignfull pattern-breadcrumb has-global-padding is-layout-constrained wp-block-group-is-layout-constrained\">\n<div class=\"wp-block-group alignwide is-layout-flow wp-block-group-is-layout-flow\"><nav class=\"rank-math-breadcrumb\" aria-label=\"Ruta de navegaci\u00f3n\" style=\"--separator: &quot;\u2022\u2022\u2022&quot;\"><ol><li><span aria-current=\"page\">Inicio<\/span><\/li><\/ol><\/nav><\/div>\n<\/section>\n\n\n\n<p class=\"wp-block-paragraph\">\u00bfTe apetece una escapada? \u00bfD\u00f3nde aparcar la autocaravana en Comminges-Pyr\u00e9n\u00e9es? Entre \u00e1reas de servicio y campings, \u00a1seguro que encuentras el sitio que necesitas!    <\/p>\n\n\n\n<p class=\"wp-block-paragraph\">No est\u00e1 permitido acampar libremente en las zonas naturales protegidas. Es fundamental mostrar respeto por la naturaleza y el medio ambiente. Aseg\u00farate de no dejar ning\u00fan rastro de tu paso, de no acampar ilegalmente en zonas protegidas y de seguir los principios de la acampada responsable.  <\/p>\n\n\n\n<div class=\"wp-block-buttons is-layout-flex wp-block-buttons-is-layout-flex\">\n<div class=\"wp-block-button is-style-fill\"><a class=\"wp-block-button__link wp-element-button\" href=\"https:\/\/destination-commingespyrenees.com\/es\/el-diario\/\">Consulta la agenda<\/a><\/div>\n<\/div>\n\n\n<div class=\"has-map alignfull wp-block-bedrock-listing has-global-padding is-layout-constrained wp-block-bedrock-listing-is-layout-constrained\">\n\n\t\n\t\t\t<p>Lo sentimos, ninguna entrada coincide con tus criterios.<\/p>\n\t<\/div>\n","protected":false},"excerpt":{"rendered":"<p>\u00bfTe apetece una escapada? \u00bfD\u00f3nde aparcar la autocaravana en Comminges-Pyr\u00e9n\u00e9es? Entre \u00e1reas de servicio y campings, \u00a1seguro que encuentras el sitio que necesitas! No est\u00e1 permitido acampar libremente en las zonas naturales protegidas. Es fundamental mostrar respeto por la naturaleza y el medio ambiente. Aseg\u00farate de no dejar ning\u00fan rastro de tu paso, de no [&hellip;]<\/p>\n","protected":false},"author":3,"featured_media":20034,"parent":20080,"menu_order":0,"comment_status":"closed","ping_status":"closed","template":"","meta":{"_acf_changed":false,"_is_professional_area":false,"footnotes":""},"experience_category":[],"class_list":["post-20086","page","type-page","status-publish","has-post-thumbnail","hentry"],"acf":[],"_links":{"self":[{"href":"https:\/\/destination-commingespyrenees.com\/es\/wp-json\/wp\/v2\/pages\/20086","targetHints":{"allow":["GET"]}}],"collection":[{"href":"https:\/\/destination-commingespyrenees.com\/es\/wp-json\/wp\/v2\/pages"}],"about":[{"href":"https:\/\/destination-commingespyrenees.com\/es\/wp-json\/wp\/v2\/types\/page"}],"author":[{"embeddable":true,"href":"https:\/\/destination-commingespyrenees.com\/es\/wp-json\/wp\/v2\/users\/3"}],"replies":[{"embeddable":true,"href":"https:\/\/destination-commingespyrenees.com\/es\/wp-json\/wp\/v2\/comments?post=20086"}],"version-history":[{"count":1,"href":"https:\/\/destination-commingespyrenees.com\/es\/wp-json\/wp\/v2\/pages\/20086\/revisions"}],"predecessor-version":[{"id":23972,"href":"https:\/\/destination-commingespyrenees.com\/es\/wp-json\/wp\/v2\/pages\/20086\/revisions\/23972"}],"up":[{"embeddable":true,"href":"https:\/\/destination-commingespyrenees.com\/es\/wp-json\/wp\/v2\/pages\/20080"}],"wp:featuredmedia":[{"embeddable":true,"href":"https:\/\/destination-commingespyrenees.com\/es\/wp-json\/wp\/v2\/media\/20034"}],"wp:attachment":[{"href":"https:\/\/destination-commingespyrenees.com\/es\/wp-json\/wp\/v2\/media?parent=20086"}],"wp:term":[{"taxonomy":"experience_category","embeddable":true,"href":"https:\/\/destination-commingespyrenees.com\/es\/wp-json\/wp\/v2\/experience_category?post=20086"}],"curies":[{"name":"wp","href":"https:\/\/api.w.org\/{rel}","templated":true}]}}