{"id":24997,"date":"2026-04-21T10:07:55","date_gmt":"2026-04-21T08:07:55","guid":{"rendered":"https:\/\/destination-commingespyrenees.com\/los-momentos-destacados-del-destino\/festivales\/risas-sin-fronteras\/"},"modified":"2026-08-20T14:58:21","modified_gmt":"2026-08-20T12:58:21","slug":"risas-sin-fronteras","status":"publish","type":"page","link":"https:\/\/destination-commingespyrenees.com\/es\/los-momentos-destacados-del-destino\/festivales\/risas-sin-fronteras\/","title":{"rendered":"Risas sin fronteras"},"content":{"rendered":"\n<section class=\"wp-block-cover alignfull pattern-hero-section\"><img decoding=\"async\" width=\"1920\" height=\"1080\" class=\"wp-block-cover__image-background wp-image-3185 size-full\" alt=\"Festival du rire 2026 Foule spectateurs\" src=\"https:\/\/destination-commingespyrenees.com\/content\/uploads\/2026\/04\/slides-2.jpg\" style=\"object-position:41% 0%\" data-object-fit=\"cover\" data-object-position=\"41% 0%\" srcset=\"https:\/\/destination-commingespyrenees.com\/content\/uploads\/2026\/04\/slides-2.jpg 1920w, https:\/\/destination-commingespyrenees.com\/content\/uploads\/2026\/04\/slides-2-800x450.jpg 800w, https:\/\/destination-commingespyrenees.com\/content\/uploads\/2026\/04\/slides-2-1600x900.jpg 1600w, https:\/\/destination-commingespyrenees.com\/content\/uploads\/2026\/04\/slides-2-768x432.jpg 768w, https:\/\/destination-commingespyrenees.com\/content\/uploads\/2026\/04\/slides-2-1536x864.jpg 1536w\" sizes=\"(max-width: 1920px) 100vw, 1920px\" \/><span aria-hidden=\"true\" class=\"wp-block-cover__background has-background-dim-40 has-background-dim wp-block-cover__gradient-background has-background-gradient\" style=\"background:linear-gradient(180deg,rgb(0,0,0) 0%,rgba(0,0,0,0) 50%,rgba(0,0,0) 100%)\"><\/span><div class=\"wp-block-cover__inner-container has-global-padding is-layout-constrained wp-block-cover-is-layout-constrained\">\n<div class=\"wp-block-group alignwide is-layout-flow wp-block-group-is-layout-flow\"><h1 class=\"is-style-decorated wp-block-post-title\">Risas sin fronteras<\/h1>\n\n\n<p class=\"has-medium-font-size wp-block-paragraph\" style=\"font-style:normal;font-weight:700\">Cada a\u00f1o, en marzo, el festival \u00abRire Sans Fronti\u00e8res\u00bb te ofrece un programa que tiene como objetivo hacerte re\u00edr mientras se recaudan fondos para una buena causa.  <\/p>\n\n\n\n<p class=\"wp-block-paragraph\">La asociaci\u00f3n \u00abComminges sans fronti\u00e8re\u00bb es una asociaci\u00f3n de ayuda humanitaria que organiza eventos para ayudar a personas necesitadas, ya sea a nivel local, regional o internacional.<\/p>\n<\/div>\n<\/div><\/section>\n\n<div class=\"wp-block-group alignwide is-layout-flow wp-block-group-is-layout-flow\"><nav class=\"rank-math-breadcrumb\" aria-label=\"Ruta de navegaci\u00f3n\" style=\"--separator: &quot;\u2022\u2022\u2022&quot;\"><ol><li><span aria-current=\"page\">Inicio<\/span><\/li><\/ol><\/nav><\/div>\n\n<h2 class=\"wp-block-heading\">tres noches llenas de humor<\/h2>\n\n<p class=\"wp-block-paragraph\">El festival se celebra en marzo, desde el jueves por la noche hasta el s\u00e1bado por la noche.  <br\/>Los jueves por la noche hay un concurso de c\u00f3micos, y los viernes y s\u00e1bados hay un espect\u00e1culo con un c\u00f3mico diferente cada noche.<\/p>\n\n<section class=\"wp-block-group alignfull pattern-media-text has-global-padding is-layout-constrained wp-block-group-is-layout-constrained\">\n<div class=\"wp-block-columns are-vertically-aligned-center is-layout-flex wp-container-core-columns-is-layout-794e3cfa wp-block-columns-is-layout-flex\">\n<div class=\"wp-block-column is-vertically-aligned-center is-layout-flow wp-block-column-is-layout-flow\" style=\"flex-basis:50%\">\n<figure data-wp-context=\"{&quot;imageId&quot;:&quot;6a9510e042388&quot;}\" data-wp-interactive=\"core\/image\" data-wp-key=\"6a9510e042388\" class=\"wp-block-image size-large wp-lightbox-container\"><img decoding=\"async\" width=\"1600\" height=\"1600\" data-wp-class--hide=\"state.isContentHidden\" data-wp-class--show=\"state.isContentVisible\" data-wp-init=\"callbacks.setButtonStyles\" data-wp-on--click=\"actions.showLightbox\" data-wp-on--load=\"callbacks.setButtonStyles\" data-wp-on--pointerdown=\"actions.preloadImage\" data-wp-on--pointerenter=\"actions.preloadImageWithDelay\" data-wp-on--pointerleave=\"actions.cancelPreload\" data-wp-on-window--resize=\"callbacks.setButtonStyles\" src=\"https:\/\/destination-commingespyrenees.com\/content\/uploads\/2026\/04\/tremplin2026-1600x1600.jpg\" alt=\"\" class=\"wp-image-3180\" srcset=\"https:\/\/destination-commingespyrenees.com\/content\/uploads\/2026\/04\/tremplin2026-1600x1600.jpg 1600w, https:\/\/destination-commingespyrenees.com\/content\/uploads\/2026\/04\/tremplin2026-800x800.jpg 800w, https:\/\/destination-commingespyrenees.com\/content\/uploads\/2026\/04\/tremplin2026-560x560.jpg 560w, https:\/\/destination-commingespyrenees.com\/content\/uploads\/2026\/04\/tremplin2026-768x768.jpg 768w, https:\/\/destination-commingespyrenees.com\/content\/uploads\/2026\/04\/tremplin2026-1536x1536.jpg 1536w, https:\/\/destination-commingespyrenees.com\/content\/uploads\/2026\/04\/tremplin2026.jpg 2048w\" sizes=\"(max-width: 1600px) 100vw, 1600px\" \/><button\n\t\t\tclass=\"lightbox-trigger\"\n\t\t\ttype=\"button\"\n\t\t\taria-haspopup=\"dialog\"\n\t\t\tdata-wp-bind--aria-label=\"state.thisImage.triggerButtonAriaLabel\"\n\t\t\tdata-wp-init=\"callbacks.initTriggerButton\"\n\t\t\tdata-wp-on--click=\"actions.showLightbox\"\n\t\t\tdata-wp-style--right=\"state.thisImage.buttonRight\"\n\t\t\tdata-wp-style--top=\"state.thisImage.buttonTop\"\n\t\t>\n\t\t\t<svg xmlns=\"http:\/\/www.w3.org\/2000\/svg\" width=\"12\" height=\"12\" fill=\"none\" viewBox=\"0 0 12 12\">\n\t\t\t\t<path fill=\"#fff\" d=\"M2 0a2 2 0 0 0-2 2v2h1.5V2a.5.5 0 0 1 .5-.5h2V0H2Zm2 10.5H2a.5.5 0 0 1-.5-.5V8H0v2a2 2 0 0 0 2 2h2v-1.5ZM8 12v-1.5h2a.5.5 0 0 0 .5-.5V8H12v2a2 2 0 0 1-2 2H8Zm2-12a2 2 0 0 1 2 2v2h-1.5V2a.5.5 0 0 0-.5-.5H8V0h2Z\" \/>\n\t\t\t<\/svg>\n\t\t<\/button><figcaption class=\"wp-element-caption\">Lorem ipsum dolor sit amet<\/figcaption><\/figure>\n<\/div>\n\n\n\n<div class=\"wp-block-column is-vertically-aligned-center is-layout-flow wp-block-column-is-layout-flow\" style=\"flex-basis:50%\">\n<h3 class=\"wp-block-heading is-style-underlined\">El trampol\u00edn de los humoristas<\/h3>\n\n\n\n<p class=\"wp-block-paragraph\"><strong>Noche gratis el jueves por la noche del festival, con un cartel de c\u00f3micos de primera<\/strong> <strong>que vendr\u00e1n a hacerte re\u00edr y a ganarse el t\u00edtulo de \u00abcampe\u00f3n de la risa\u00bb de la noche<\/strong>.<\/p>\n\n\n\n<p class=\"wp-block-paragraph\">Unos desconocidos, o casi, todos muy divertidos, har\u00e1n lo que sea para hacerte re\u00edr y convertirse en los n\u00famero uno del a\u00f1o en este concurso de humor.<\/p>\n\n\n\n<p class=\"wp-block-paragraph\">En 2026, el \u00abTremplin du Rire\u00bb organiz\u00f3 la final de los campeones de la risa.  <br\/>Diez c\u00f3micos ganadores de 2022, 2023, 2024 y 2025 se enfrentaban para ser el campe\u00f3n de campeones.<br\/><\/p>\n<\/div>\n<\/div>\n<\/section>\n\n<div class=\"wp-block-columns are-vertically-aligned-center is-layout-flex wp-container-core-columns-is-layout-794e3cfa wp-block-columns-is-layout-flex\">\n<div class=\"wp-block-column is-vertically-aligned-center is-layout-flow wp-block-column-is-layout-flow\" style=\"flex-basis:50%\">\n<figure data-wp-context=\"{&quot;imageId&quot;:&quot;6a9510e044267&quot;}\" data-wp-interactive=\"core\/image\" data-wp-key=\"6a9510e044267\" class=\"wp-block-image size-full wp-lightbox-container\"><img decoding=\"async\" width=\"674\" height=\"448\" data-wp-class--hide=\"state.isContentHidden\" data-wp-class--show=\"state.isContentVisible\" data-wp-init=\"callbacks.setButtonStyles\" data-wp-on--click=\"actions.showLightbox\" data-wp-on--load=\"callbacks.setButtonStyles\" data-wp-on--pointerdown=\"actions.preloadImage\" data-wp-on--pointerenter=\"actions.preloadImageWithDelay\" data-wp-on--pointerleave=\"actions.cancelPreload\" data-wp-on-window--resize=\"callbacks.setButtonStyles\" src=\"https:\/\/destination-commingespyrenees.com\/content\/uploads\/2026\/04\/rire2022d.jpg\" alt=\"Tremplin du rire 2026 Festival de la risa\" class=\"wp-image-3181\"\/><button\n\t\t\tclass=\"lightbox-trigger\"\n\t\t\ttype=\"button\"\n\t\t\taria-haspopup=\"dialog\"\n\t\t\tdata-wp-bind--aria-label=\"state.thisImage.triggerButtonAriaLabel\"\n\t\t\tdata-wp-init=\"callbacks.initTriggerButton\"\n\t\t\tdata-wp-on--click=\"actions.showLightbox\"\n\t\t\tdata-wp-style--right=\"state.thisImage.buttonRight\"\n\t\t\tdata-wp-style--top=\"state.thisImage.buttonTop\"\n\t\t>\n\t\t\t<svg xmlns=\"http:\/\/www.w3.org\/2000\/svg\" width=\"12\" height=\"12\" fill=\"none\" viewBox=\"0 0 12 12\">\n\t\t\t\t<path fill=\"#fff\" d=\"M2 0a2 2 0 0 0-2 2v2h1.5V2a.5.5 0 0 1 .5-.5h2V0H2Zm2 10.5H2a.5.5 0 0 1-.5-.5V8H0v2a2 2 0 0 0 2 2h2v-1.5ZM8 12v-1.5h2a.5.5 0 0 0 .5-.5V8H12v2a2 2 0 0 1-2 2H8Zm2-12a2 2 0 0 1 2 2v2h-1.5V2a.5.5 0 0 0-.5-.5H8V0h2Z\" \/>\n\t\t\t<\/svg>\n\t\t<\/button><figcaption class=\"wp-element-caption\">Lorem ipsum dolor sit amet<\/figcaption><\/figure>\n<\/div>\n\n\n\n<div class=\"wp-block-column is-vertically-aligned-center is-layout-flow wp-block-column-is-layout-flow\" style=\"flex-basis:50%\">\n<h3 class=\"wp-block-heading is-style-underlined\">La noche del viernes  <\/h3>\n\n\n\n<p class=\"wp-block-paragraph\"><strong>Para la velada del viernes por la noche, a las 20:30, viene un c\u00f3mico a hacer su espect\u00e1culo.<\/strong><\/p>\n\n\n\n<p class=\"wp-block-paragraph\">Cada noche ser\u00e1 diferente, pasar\u00e1s de un estilo a otro, descubrir\u00e1s el universo de un artista y te dejar\u00e1s llevar por su historia, que te contar\u00e1 con su sentido del humor solo para hacerte re\u00edr a carcajadas.<\/p>\n<\/div>\n<\/div>\n\n<div class=\"wp-block-columns are-vertically-aligned-center is-layout-flex wp-container-core-columns-is-layout-794e3cfa wp-block-columns-is-layout-flex\">\n<div class=\"wp-block-column is-vertically-aligned-center is-layout-flow wp-block-column-is-layout-flow\" style=\"flex-basis:50%\">\n<figure data-wp-context=\"{&quot;imageId&quot;:&quot;6a9510e045fa0&quot;}\" data-wp-interactive=\"core\/image\" data-wp-key=\"6a9510e045fa0\" class=\"wp-block-image aligncenter size-large is-resized wp-lightbox-container\"><img decoding=\"async\" width=\"1600\" height=\"2258\" data-wp-class--hide=\"state.isContentHidden\" data-wp-class--show=\"state.isContentVisible\" data-wp-init=\"callbacks.setButtonStyles\" data-wp-on--click=\"actions.showLightbox\" data-wp-on--load=\"callbacks.setButtonStyles\" data-wp-on--pointerdown=\"actions.preloadImage\" data-wp-on--pointerenter=\"actions.preloadImageWithDelay\" data-wp-on--pointerleave=\"actions.cancelPreload\" data-wp-on-window--resize=\"callbacks.setButtonStyles\" src=\"https:\/\/destination-commingespyrenees.com\/content\/uploads\/2026\/04\/SELLIG_EPISODE6-1600x2258.jpg\" alt=\"\" class=\"wp-image-3183\" style=\"aspect-ratio:0.7086037545769804;width:320px;height:auto\" srcset=\"https:\/\/destination-commingespyrenees.com\/content\/uploads\/2026\/04\/SELLIG_EPISODE6-1600x2258.jpg 1600w, https:\/\/destination-commingespyrenees.com\/content\/uploads\/2026\/04\/SELLIG_EPISODE6-800x1129.jpg 800w, https:\/\/destination-commingespyrenees.com\/content\/uploads\/2026\/04\/SELLIG_EPISODE6-768x1084.jpg 768w, https:\/\/destination-commingespyrenees.com\/content\/uploads\/2026\/04\/SELLIG_EPISODE6-1088x1536.jpg 1088w, https:\/\/destination-commingespyrenees.com\/content\/uploads\/2026\/04\/SELLIG_EPISODE6-scaled.jpg 1451w\" sizes=\"(max-width: 1600px) 100vw, 1600px\" \/><button\n\t\t\tclass=\"lightbox-trigger\"\n\t\t\ttype=\"button\"\n\t\t\taria-haspopup=\"dialog\"\n\t\t\tdata-wp-bind--aria-label=\"state.thisImage.triggerButtonAriaLabel\"\n\t\t\tdata-wp-init=\"callbacks.initTriggerButton\"\n\t\t\tdata-wp-on--click=\"actions.showLightbox\"\n\t\t\tdata-wp-style--right=\"state.thisImage.buttonRight\"\n\t\t\tdata-wp-style--top=\"state.thisImage.buttonTop\"\n\t\t>\n\t\t\t<svg xmlns=\"http:\/\/www.w3.org\/2000\/svg\" width=\"12\" height=\"12\" fill=\"none\" viewBox=\"0 0 12 12\">\n\t\t\t\t<path fill=\"#fff\" d=\"M2 0a2 2 0 0 0-2 2v2h1.5V2a.5.5 0 0 1 .5-.5h2V0H2Zm2 10.5H2a.5.5 0 0 1-.5-.5V8H0v2a2 2 0 0 0 2 2h2v-1.5ZM8 12v-1.5h2a.5.5 0 0 0 .5-.5V8H12v2a2 2 0 0 1-2 2H8Zm2-12a2 2 0 0 1 2 2v2h-1.5V2a.5.5 0 0 0-.5-.5H8V0h2Z\" \/>\n\t\t\t<\/svg>\n\t\t<\/button><figcaption class=\"wp-element-caption\">Lorem ipsum dolor sit amet<\/figcaption><\/figure>\n<\/div>\n\n\n\n<div class=\"wp-block-column is-vertically-aligned-center is-layout-flow wp-block-column-is-layout-flow\" style=\"flex-basis:50%\">\n<h3 class=\"wp-block-heading is-style-underlined\">La noche del s\u00e1bado<\/h3>\n\n\n\n<p class=\"wp-block-paragraph\"><strong><strong>El s\u00e1bado por la noche, a las 20:30, vendr\u00e1 otro c\u00f3mico a animar la velada y a hacerte re\u00edr durante <\/strong>una hora y media.<\/strong><\/p>\n\n\n\n<p class=\"wp-block-paragraph\">Te presentar\u00e1 su nuevo espect\u00e1culo, ese mundo que le inspira y que te har\u00e1 pasar un rato lleno de humor.<\/p>\n\n\n\n<p class=\"wp-block-paragraph\">\u00a1Te vas a partir de risa!<\/p>\n<\/div>\n<\/div>\n\n<h3 class=\"wp-block-heading\">Informaci\u00f3n pr\u00e1ctica<\/h3>\n\n<p class=\"wp-block-paragraph\">Pago en efectivo o con cheque<\/p>\n\n<h6 class=\"wp-block-heading\">D\u00f3nde comprar las entradas<\/h6>\n\n<p class=\"wp-block-paragraph\">En las <a href=\"https:\/\/www.tourisme-stgaudens.com\/decouvrir\/pratique\/loffice-de-tourisme\/\" target=\"_blank\" rel=\"noopener\">oficinas de turismo del destino Comminges-Pirineos<\/a>:<br\/>, Saint-Gaudens, Montr\u00e9jeau, Aurignac, L\u2019Isle-en-Dodon y Boulogne-sur-Gesse.<\/p>\n\n<div class=\"wp-block-group has-accent-3-background-color has-background has-global-padding is-layout-constrained wp-container-core-group-is-layout-e00b098c wp-block-group-is-layout-constrained\" style=\"border-top-left-radius:1rem;border-top-right-radius:1rem;border-bottom-left-radius:1rem;border-bottom-right-radius:1rem;padding-top:var(--wp--preset--spacing--50);padding-right:var(--wp--preset--spacing--50);padding-bottom:var(--wp--preset--spacing--50);padding-left:var(--wp--preset--spacing--50)\">\n<h4 class=\"wp-block-heading has-text-align-center has-accent-1-color has-text-color has-link-color wp-elements-fcc9d1e6dc1008ffba04dd5f09b6e611\"><strong>Festival de la risa sin fronteras<\/strong><\/h4>\n\n\n\n<p class=\"has-text-align-center wp-block-paragraph\"><a href=\"https:\/\/www.tourisme-stgaudens.com\/decouvrir\/pratique\/loffice-de-tourisme\/\" target=\"_blank\" rel=\"noopener\">Oficina de turismo Destination Comminges Pyr\u00e9n\u00e9es<\/a><br\/><a href=\"tel:0561947761\">05 61 94 77 61<\/a><br\/><a href=\"https:\/\/www.tourisme-stgaudens.com\/decouvrir\/temps-forts\/festival-rire-sans-frontiere\/info@destination-commingespyrenees.com\">info@destination-commingespyrenees.com<\/a><\/p>\n<\/div>\n\n<div class=\"wp-block-buttons is-layout-flex wp-block-buttons-is-layout-flex\">\n<div class=\"wp-block-button is-style-fill\"><a class=\"wp-block-button__link wp-element-button\" href=\"https:\/\/destination-commingespyrenees.com\/es\/el-diario\/\">Consulta la agenda<\/a><\/div>\n<\/div>\n","protected":false},"excerpt":{"rendered":"<p>tres noches llenas de humor El festival se celebra en marzo, desde el jueves por la noche hasta el s\u00e1bado por la noche. Los jueves por la noche hay un concurso de c\u00f3micos, y los viernes y s\u00e1bados hay un espect\u00e1culo con un c\u00f3mico diferente cada noche. El trampol\u00edn de los humoristas Noche gratis el [&hellip;]<\/p>\n","protected":false},"author":4,"featured_media":24998,"parent":3298,"menu_order":0,"comment_status":"closed","ping_status":"closed","template":"","meta":{"_acf_changed":false,"_is_professional_area":false,"footnotes":""},"experience_category":[],"class_list":["post-24997","page","type-page","status-publish","has-post-thumbnail","hentry"],"acf":[],"_links":{"self":[{"href":"https:\/\/destination-commingespyrenees.com\/es\/wp-json\/wp\/v2\/pages\/24997","targetHints":{"allow":["GET"]}}],"collection":[{"href":"https:\/\/destination-commingespyrenees.com\/es\/wp-json\/wp\/v2\/pages"}],"about":[{"href":"https:\/\/destination-commingespyrenees.com\/es\/wp-json\/wp\/v2\/types\/page"}],"author":[{"embeddable":true,"href":"https:\/\/destination-commingespyrenees.com\/es\/wp-json\/wp\/v2\/users\/4"}],"replies":[{"embeddable":true,"href":"https:\/\/destination-commingespyrenees.com\/es\/wp-json\/wp\/v2\/comments?post=24997"}],"version-history":[{"count":1,"href":"https:\/\/destination-commingespyrenees.com\/es\/wp-json\/wp\/v2\/pages\/24997\/revisions"}],"predecessor-version":[{"id":25000,"href":"https:\/\/destination-commingespyrenees.com\/es\/wp-json\/wp\/v2\/pages\/24997\/revisions\/25000"}],"up":[{"embeddable":true,"href":"https:\/\/destination-commingespyrenees.com\/es\/wp-json\/wp\/v2\/pages\/3298"}],"wp:featuredmedia":[{"embeddable":true,"href":"https:\/\/destination-commingespyrenees.com\/es\/wp-json\/wp\/v2\/media\/24998"}],"wp:attachment":[{"href":"https:\/\/destination-commingespyrenees.com\/es\/wp-json\/wp\/v2\/media?parent=24997"}],"wp:term":[{"taxonomy":"experience_category","embeddable":true,"href":"https:\/\/destination-commingespyrenees.com\/es\/wp-json\/wp\/v2\/experience_category?post=24997"}],"curies":[{"name":"wp","href":"https:\/\/api.w.org\/{rel}","templated":true}]}}