{"id":25025,"date":"2026-07-09T16:47:44","date_gmt":"2026-07-09T14:47:44","guid":{"rendered":"https:\/\/destination-commingespyrenees.com\/puntos-de-venta-de-entradas\/"},"modified":"2026-08-26T16:06:58","modified_gmt":"2026-08-26T14:06:58","slug":"puntos-de-venta-de-entradas","status":"publish","type":"page","link":"https:\/\/destination-commingespyrenees.com\/es\/puntos-de-venta-de-entradas\/","title":{"rendered":"Puntos de venta de entradas"},"content":{"rendered":"\n<section class=\"wp-block-cover alignfull pattern-hero-section\"><img decoding=\"async\" width=\"1070\" height=\"348\" class=\"wp-block-cover__image-background wp-image-1680 size-full\" alt=\"vivre et s'intaller en comminges pyr\u00e9n\u00e9es\" src=\"https:\/\/destination-commingespyrenees.com\/content\/uploads\/2026\/03\/Folkolor.jpg\" style=\"object-position:44% 100%\" data-object-fit=\"cover\" data-object-position=\"44% 100%\" srcset=\"https:\/\/destination-commingespyrenees.com\/content\/uploads\/2026\/03\/Folkolor.jpg 1070w, https:\/\/destination-commingespyrenees.com\/content\/uploads\/2026\/03\/Folkolor-800x260.jpg 800w, https:\/\/destination-commingespyrenees.com\/content\/uploads\/2026\/03\/Folkolor-768x250.jpg 768w\" sizes=\"(max-width: 1070px) 100vw, 1070px\" \/><span aria-hidden=\"true\" class=\"wp-block-cover__background has-background-dim-40 has-background-dim wp-block-cover__gradient-background has-background-gradient\" style=\"background:linear-gradient(180deg,rgb(0,0,0) 0%,rgba(0,0,0,0) 50%,rgba(0,0,0) 100%)\"><\/span><div class=\"wp-block-cover__inner-container has-global-padding is-layout-constrained wp-block-cover-is-layout-constrained\">\n<div class=\"wp-block-group alignwide is-layout-flow wp-block-group-is-layout-flow\"><h1 class=\"is-style-decorated wp-block-post-title\">Puntos de venta de entradas<\/h1>\n\n\n<p class=\"wp-block-paragraph\"><strong>En la oficina de turismo encontrar\u00e1s las taquillas disponibles.  <\/strong><\/p>\n\n\n\n<p class=\"wp-block-paragraph\">\u00bfEn qu\u00e9 oficina de informaci\u00f3n tur\u00edstica de la Destino Comminges Pirineos puedes comprar tu entrada para los distintos espect\u00e1culos?  <\/p>\n<\/div>\n<\/div><\/section>\n\n<p class=\"wp-block-paragraph\"><a href=\"https:\/\/destination-commingespyrenees.com\/es\/\">Inicio<\/a> \u2022\u2022\u2022 <a href=\"https:\/\/destination-commingespyrenees.com\/es\/practico\/\">Informaci\u00f3n pr\u00e1ctica<\/a> \u2022\u2022\u2022 Nuestros folletos<\/p>\n\n<p class=\"wp-block-paragraph\">Prepara tus salidas y no te olvides de reservar tu plaza para los pr\u00f3ximos eventos.<\/p>\n\n<h2 class=\"wp-block-heading\">Ahora mismo  <\/h2>\n\n<h3 class=\"wp-block-heading\">66.\u00aa EDICI\u00d3N del festival folcl\u00f3rico<\/h3>\n\n<h4 class=\"wp-block-heading\">del 13 al 17 de agosto en Montr\u00e9jeau  <\/h4>\n\n<p class=\"wp-block-paragraph\">\u00a1Montr\u00e9jeau, al ritmo del folclore de todo el mundo!<br\/>La fiesta volver\u00e1 a tomar Montr\u00e9jeau este verano.<br\/>Ven a disfrutar del festival y a pasarlo en grande durante cuatro noches de fiesta en el sal\u00f3n de actos de Montr\u00e9jeau.<\/p>\n\n<div class=\"wp-block-buttons is-layout-flex wp-block-buttons-is-layout-flex\">\n<div class=\"wp-block-button\"><a class=\"wp-block-button__link wp-element-button\" href=\"https:\/\/www.festivalmontrejeau.fr\/programme-2026\/\" target=\"_blank\" rel=\"noopener\">ver el programa<\/a><\/div>\n<\/div>\n\n<div class=\"wp-block-buttons is-layout-flex wp-block-buttons-is-layout-flex\">\n<div class=\"wp-block-button\"><a class=\"wp-block-button__link wp-element-button\" href=\"https:\/\/destination-commingespyrenees.com\/content\/uploads\/2026\/08\/2026-Autour-de-Folkolor_compressed.pdf\">folleto \u00abAlrededor del folclore\u00bb<\/a><\/div>\n<\/div>\n\n<p class=\"wp-block-paragraph\"><strong>Las entradas est\u00e1n disponibles en la oficina de turismo de Montr\u00e9jeau<\/strong><br\/>\ud83d\udccd 6, rue du Barry, 31210 Montr\u00e9jeau<br\/>\ud83c\udd7f<a href=\"https:\/\/www.google.com\/maps\/dir\/\/Pl.+Valentin+Abeille,+31210+Montr%C3%A9jeau\/@43.0858393,0.5662006,17z\/data=!4m8!4m7!1m0!1m5!1m1!1s0x12a85664ac9344a1:0xac02ed4e955acdc9!2m2!1d0.5683893!2d43.0858393\" target=\"_blank\" rel=\"noreferrer noopener\"> Place Valentin Abeille<\/a><br\/>\ud83d\udd50 <a href=\"https:\/\/www.google.com\/maps\/place\/Office+de+Tourisme+de+la+Destination+Comminges+Pyr%C3%A9n%C3%A9es+-+Montr%C3%A9jeau\/@43.0850814,0.5694518,794m\/data=!3m2!1e3!4b1!4m6!3m5!1s0x12a85664bc271653:0x8542cd3c6027aeb3!8m2!3d43.0850814!4d0.5694518!16s%2Fg%2F11g81cczx3?hl=fr&amp;entry=ttu&amp;g_ep=EgoyMDI2MDcwNS4wIKXMDSoASAFQAw%3D%3D\" target=\"_blank\" rel=\"noreferrer noopener\">Consulta los d\u00edas y horarios<\/a><\/p>\n\n<div style=\"height:36px\" aria-hidden=\"true\" class=\"wp-block-spacer\"><\/div>\n\n<h3 class=\"wp-block-heading\">Cine al aire libre en la finca de Valmirande<\/h3>\n\n<h4 class=\"wp-block-heading\">12 de septiembre a las 20:30 h en Montr\u00e9jeau te cuento<\/h4>\n\n<p class=\"wp-block-paragraph\">\u00a1Espectacular! \u00a1Cine al aire libre en el castillo de Valmirande!<br\/>Entre Comminges, Barousse y Bigorre, la pel\u00edcula <strong>\u00abSous le soleil des Pyr\u00e9n\u00e9es\u00bb<\/strong> nos lleva a descubrir un territorio aut\u00e9ntico y a quienes le dan vida. A trav\u00e9s de paisajes majestuosos, tradiciones vivas y una memoria compartida, este documental rinde homenaje al alma de los Pirineos y al profundo apego de sus habitantes a su tierra. Un viaje humano y sensible al coraz\u00f3n de un patrimonio vivo, impulsado por quienes perpet\u00faan la identidad de este territorio \u00fanico.<br\/>\u00a1El director Fabrice LAUNAY nos ofrece un escenario excepcional! El castillo de Valmirande: un momento \u00fanico que no te puedes perder.   <\/p>\n\n<div class=\"wp-block-buttons is-layout-flex wp-block-buttons-is-layout-flex\">\n<div class=\"wp-block-button\"><a class=\"wp-block-button__link wp-element-button\" href=\"https:\/\/destination-commingespyrenees.com\/agenda\/cinema-de-plein-air-sous-le-soleil-des-pyrenees\/\">ver agenda<\/a><\/div>\n<\/div>\n\n<p class=\"wp-block-paragraph\"><strong>Las entradas est\u00e1n disponibles en la oficina de turismo de Montr\u00e9jeau<\/strong><br\/>\ud83d\udccd 6, rue du Barry, 31210 Montr\u00e9jeau<br\/>\ud83c\udd7f<a href=\"https:\/\/www.google.com\/maps\/dir\/\/Pl.+Valentin+Abeille,+31210+Montr%C3%A9jeau\/@43.0858393,0.5662006,17z\/data=!4m8!4m7!1m0!1m5!1m1!1s0x12a85664ac9344a1:0xac02ed4e955acdc9!2m2!1d0.5683893!2d43.0858393\" target=\"_blank\" rel=\"noreferrer noopener\"> Place Valentin Abeille<\/a><br\/>\ud83d\udd50 <a href=\"https:\/\/www.google.com\/maps\/place\/Office+de+Tourisme+de+la+Destination+Comminges+Pyr%C3%A9n%C3%A9es+-+Montr%C3%A9jeau\/@43.0850814,0.5694518,794m\/data=!3m2!1e3!4b1!4m6!3m5!1s0x12a85664bc271653:0x8542cd3c6027aeb3!8m2!3d43.0850814!4d0.5694518!16s%2Fg%2F11g81cczx3?hl=fr&amp;entry=ttu&amp;g_ep=EgoyMDI2MDcwNS4wIKXMDSoASAFQAw%3D%3D\" target=\"_blank\" rel=\"noreferrer noopener\">Consulta los d\u00edas y horarios<\/a><\/p>\n\n<p class=\"wp-block-paragraph\"><strong>Las entradas est\u00e1n disponibles en la oficina de turismo de Saint-Gaudens<\/strong><br\/>\ud83d\udccd 2 rue Thiers, 31800 Saint-Gaudens<br\/>\ud83c\udd7f Aparcamiento de Barbastro o en <a href=\"https:\/\/www.google.com\/maps\/dir\/\/Pl.+Nationale+Jean+Jaur%C3%A8s,+31800+Saint-Gaudens\/@43.107869,0.7223953,17z\/data=!4m8!4m7!1m0!1m5!1m1!1s0x12a8fc8e277c75cb:0x5e084861065bc3ca!2m2!1d0.724584!2d43.107869\" target=\"_blank\" rel=\"noreferrer noopener\">la Place Jean Jaur\u00e8s<\/a> con disco de aparcamiento<br\/>\ud83d\udd50 <a href=\"https:\/\/www.google.com\/maps\/place\/Office+de+Tourisme+Saint-Gaudens+%F0%9D%97%96%F0%9D%97%BC%F0%9D%97%BA%F0%9D%97%BA%F0%9D%97%B6%F0%9D%97%BB%F0%9D%97%B4%F0%9D%97%B2%F0%9D%98%80+%F0%9D%97%A3%F0%9D%98%86%F0%9D%97%BF%F0%9D%97%B2%CC%81%F0%9D%97%BB%F0%9D%97%B2%CC%81%F0%9D%97%B2%F0%9D%98%80\/@43.107925,0.725207,15z\/data=!4m5!3m4!1s0x0:0x6040a9e31db76a08!8m2!3d43.1079245!4d0.7252117\" target=\"_blank\" rel=\"noreferrer noopener\">Consulta los d\u00edas y horarios<\/a><\/p>\n\n<div style=\"height:39px\" aria-hidden=\"true\" class=\"wp-block-spacer\"><\/div>\n\n<h3 class=\"wp-block-heading\">Concierto \u00abLos violines de Praga\u00bb<\/h3>\n\n<h4 class=\"wp-block-heading\">el 20 de septiembre a las 16:00 h en la colegiata de Saint-Pierre de Saint-Gaudens<\/h4>\n\n<p class=\"wp-block-paragraph\">Un viaje musical excepcional que no te puedes perder\u2026<br\/>Ven a descubrir un concierto deslumbrante con las obras maestras de la m\u00fasica cl\u00e1sica: Mozart, Paganini, Faur\u00e9 y muchos otros, pero tambi\u00e9n Dvo\u0159\u00e1k y Smetana, esos dos famosos compositores checos que los Violines de Praga sienten tan profundamente.<br\/>D\u00e9jate llevar por el alma eslava y el talento de un aut\u00e9ntico conjunto 100 % checo, que sin duda har\u00e1 brillar esta hermosa m\u00fasica. Quiz\u00e1s salgas de este concierto profundamente conmovido y embelesado\u2026 Que disfrutes del viaje\u2026 <\/p>\n\n<div class=\"wp-block-buttons is-layout-flex wp-block-buttons-is-layout-flex\">\n<div class=\"wp-block-button\"><a class=\"wp-block-button__link wp-element-button\" href=\"https:\/\/destination-commingespyrenees.com\/agenda\/violons-de-prague\/\">ver agenda<\/a><\/div>\n<\/div>\n\n<p class=\"wp-block-paragraph\"><strong>Las entradas est\u00e1n disponibles en la oficina de turismo de Saint-Gaudens<\/strong><br\/>\ud83d\udccd 2 rue Thiers, 31800 Saint-Gaudens<br\/>\ud83c\udd7f Aparcamiento de Barbastro o en <a href=\"https:\/\/www.google.com\/maps\/dir\/\/Pl.+Nationale+Jean+Jaur%C3%A8s,+31800+Saint-Gaudens\/@43.107869,0.7223953,17z\/data=!4m8!4m7!1m0!1m5!1m1!1s0x12a8fc8e277c75cb:0x5e084861065bc3ca!2m2!1d0.724584!2d43.107869\" target=\"_blank\" rel=\"noreferrer noopener\">la Place Jean Jaur\u00e8s<\/a> con disco de aparcamiento<br\/>\ud83d\udd50 <a href=\"https:\/\/www.google.com\/maps\/place\/Office+de+Tourisme+Saint-Gaudens+%F0%9D%97%96%F0%9D%97%BC%F0%9D%97%BA%F0%9D%97%BA%F0%9D%97%B6%F0%9D%97%BB%F0%9D%97%B4%F0%9D%97%B2%F0%9D%98%80+%F0%9D%97%A3%F0%9D%98%86%F0%9D%97%BF%F0%9D%97%B2%CC%81%F0%9D%97%BB%F0%9D%97%B2%CC%81%F0%9D%97%B2%F0%9D%98%80\/@43.107925,0.725207,15z\/data=!4m5!3m4!1s0x0:0x6040a9e31db76a08!8m2!3d43.1079245!4d0.7252117\" target=\"_blank\" rel=\"noreferrer noopener\">Consulta los d\u00edas y horarios<\/a><\/p>\n\n<div style=\"height:34px\" aria-hidden=\"true\" class=\"wp-block-spacer\"><\/div>\n\n<h3 class=\"wp-block-heading\">pronomade(s)<\/h3>\n\n<h4 class=\"wp-block-heading\">todo el a\u00f1o en Haute-Garonne<\/h4>\n\n<p class=\"wp-block-paragraph\">\u00abPronomade(s) en Haute-Garonne\u00bb es un <strong>proyecto cultural local<\/strong> pensado no solo <em>para<\/em> los vecinos, sino tambi\u00e9n <em>junto a<\/em> ellos, lo que reafirma el papel central de la poblaci\u00f3n en los proyectos culturales.<br\/>Cada espect\u00e1culo es diferente, los ambientes nunca son los mismos, los artistas tienen mucho talento y nos transportan a sus mundos.<br\/>\u00a1No te lo pierdas! Echa un vistazo al programa para saber cu\u00e1ndo y en qu\u00e9 ciudad act\u00faan.<\/p>\n\n<div class=\"wp-block-buttons is-layout-flex wp-block-buttons-is-layout-flex\">\n<div class=\"wp-block-button\"><a class=\"wp-block-button__link wp-element-button\" href=\"https:\/\/www.pronomades.org\/-2026-\" target=\"_blank\" rel=\"noopener\">ver el programa<\/a><\/div>\n<\/div>\n\n<p class=\"wp-block-paragraph\"><strong><a href=\"https:\/\/destination-commingespyrenees.com\/es\/practico\/la-oficina-de-turismo\/\">En todas las oficinas de turismo del destino Comminges-Pirineos<\/a><\/strong><\/p>\n\n<div style=\"height:40px\" aria-hidden=\"true\" class=\"wp-block-spacer\"><\/div>\n\n<h3 class=\"wp-block-heading\">comprar tu licencia de pesca<\/h3>\n\n<h4 class=\"wp-block-heading\">todo el a\u00f1o  <\/h4>\n\n<p class=\"wp-block-paragraph\">En cualquier momento del a\u00f1o, ven a sacarte el carn\u00e9 de pesca en las oficinas de turismo de Destination Comminges Pyr\u00e9n\u00e9es.<\/p>\n\n<p class=\"wp-block-paragraph\"><strong><a href=\"https:\/\/destination-commingespyrenees.com\/es\/practico\/la-oficina-de-turismo\/\">En todas las oficinas de turismo del destino Comminges-Pirineos<\/a><\/strong><\/p>\n\n<div class=\"wp-block-buttons is-layout-flex wp-block-buttons-is-layout-flex\">\n<div class=\"wp-block-button\"><a class=\"wp-block-button__link wp-element-button\" href=\"https:\/\/www.fede-peche31.com\/\" target=\"_blank\" rel=\"noopener\">Federaci\u00f3n de Pesca 31<\/a><\/div>\n<\/div>\n\n<div style=\"height:40px\" aria-hidden=\"true\" class=\"wp-block-spacer\"><\/div>\n\n<div class=\"wp-block-group has-accent-3-background-color has-background has-global-padding is-layout-constrained wp-container-core-group-is-layout-e00b098c wp-block-group-is-layout-constrained\" style=\"border-top-left-radius:1rem;border-top-right-radius:1rem;border-bottom-left-radius:1rem;border-bottom-right-radius:1rem;padding-top:var(--wp--preset--spacing--50);padding-right:var(--wp--preset--spacing--50);padding-bottom:var(--wp--preset--spacing--50);padding-left:var(--wp--preset--spacing--50)\">\n<h4 class=\"wp-block-heading has-accent-1-color has-text-color has-link-color wp-elements-af560308ceff33dbc8e44749506ca655\">Oficina de Turismo de la Destinaci\u00f3n Comminges Pyr\u00e9n\u00e9es <\/h4>\n\n\n\n<p class=\"wp-block-paragraph\">Tel.: <a href=\"tel:05 61 94 77 61\">05 61 94 77 61<\/a><br\/>correo: <a href=\"mailto:info@destination-commingespyrenees.com\">info@destination-commingespyrenees.com<\/a><\/p>\n<\/div>\n\n<div class=\"wp-block-buttons is-layout-flex wp-block-buttons-is-layout-flex\">\n<div class=\"wp-block-button is-style-fill\"><a class=\"wp-block-button__link wp-element-button\" href=\"https:\/\/destination-commingespyrenees.com\/es\/el-diario\/\">Consulta la agenda<\/a><\/div>\n<\/div>\n","protected":false},"excerpt":{"rendered":"<p>Inicio \u2022\u2022\u2022 Informaci\u00f3n pr\u00e1ctica \u2022\u2022\u2022 Nuestros folletos Prepara tus salidas y no te olvides de reservar tu plaza para los pr\u00f3ximos eventos. Ahora mismo 66.\u00aa EDICI\u00d3N del festival folcl\u00f3rico del 13 al 17 de agosto en Montr\u00e9jeau \u00a1Montr\u00e9jeau, al ritmo del folclore de todo el mundo!La fiesta volver\u00e1 a tomar Montr\u00e9jeau este verano.Ven a disfrutar [&hellip;]<\/p>\n","protected":false},"author":4,"featured_media":0,"parent":0,"menu_order":0,"comment_status":"closed","ping_status":"closed","template":"","meta":{"_acf_changed":false,"_is_professional_area":false,"footnotes":""},"experience_category":[],"class_list":["post-25025","page","type-page","status-publish","hentry"],"acf":[],"_links":{"self":[{"href":"https:\/\/destination-commingespyrenees.com\/es\/wp-json\/wp\/v2\/pages\/25025","targetHints":{"allow":["GET"]}}],"collection":[{"href":"https:\/\/destination-commingespyrenees.com\/es\/wp-json\/wp\/v2\/pages"}],"about":[{"href":"https:\/\/destination-commingespyrenees.com\/es\/wp-json\/wp\/v2\/types\/page"}],"author":[{"embeddable":true,"href":"https:\/\/destination-commingespyrenees.com\/es\/wp-json\/wp\/v2\/users\/4"}],"replies":[{"embeddable":true,"href":"https:\/\/destination-commingespyrenees.com\/es\/wp-json\/wp\/v2\/comments?post=25025"}],"version-history":[{"count":4,"href":"https:\/\/destination-commingespyrenees.com\/es\/wp-json\/wp\/v2\/pages\/25025\/revisions"}],"predecessor-version":[{"id":25432,"href":"https:\/\/destination-commingespyrenees.com\/es\/wp-json\/wp\/v2\/pages\/25025\/revisions\/25432"}],"wp:attachment":[{"href":"https:\/\/destination-commingespyrenees.com\/es\/wp-json\/wp\/v2\/media?parent=25025"}],"wp:term":[{"taxonomy":"experience_category","embeddable":true,"href":"https:\/\/destination-commingespyrenees.com\/es\/wp-json\/wp\/v2\/experience_category?post=25025"}],"curies":[{"name":"wp","href":"https:\/\/api.w.org\/{rel}","templated":true}]}}