{"id":3924,"date":"2026-03-13T16:47:08","date_gmt":"2026-03-13T15:47:08","guid":{"rendered":"https:\/\/destination-commingespyrenees.com\/el-comminges-en-la-edad-media\/"},"modified":"2026-08-20T15:02:18","modified_gmt":"2026-08-20T13:02:18","slug":"el-comminges-en-la-edad-media","status":"publish","type":"page","link":"https:\/\/destination-commingespyrenees.com\/es\/comminges-a-traves-de-los-tiempos\/el-comminges-en-la-edad-media\/","title":{"rendered":"El Comminges en la Edad Media"},"content":{"rendered":"\n<section class=\"wp-block-cover alignfull pattern-hero-section\"><img decoding=\"async\" width=\"2048\" height=\"1467\" class=\"wp-block-cover__image-background wp-image-776 size-full\" alt=\"Le Comminges au Moyen-\u00c2ge Coll\u00e9giale de Saint-Gaudens\" src=\"https:\/\/destination-commingespyrenees.com\/content\/uploads\/2026\/01\/Collegiale-leve-du-soleil-ete-2025-scaled.jpg\" data-object-fit=\"cover\" srcset=\"https:\/\/destination-commingespyrenees.com\/content\/uploads\/2026\/01\/Collegiale-leve-du-soleil-ete-2025-scaled.jpg 2048w, https:\/\/destination-commingespyrenees.com\/content\/uploads\/2026\/01\/Collegiale-leve-du-soleil-ete-2025-800x573.jpg 800w, https:\/\/destination-commingespyrenees.com\/content\/uploads\/2026\/01\/Collegiale-leve-du-soleil-ete-2025-1600x1146.jpg 1600w, https:\/\/destination-commingespyrenees.com\/content\/uploads\/2026\/01\/Collegiale-leve-du-soleil-ete-2025-768x550.jpg 768w, https:\/\/destination-commingespyrenees.com\/content\/uploads\/2026\/01\/Collegiale-leve-du-soleil-ete-2025-1536x1101.jpg 1536w\" sizes=\"(max-width: 2048px) 100vw, 2048px\" \/><span aria-hidden=\"true\" class=\"wp-block-cover__background has-background-dim-40 has-background-dim wp-block-cover__gradient-background has-background-gradient\" style=\"background:linear-gradient(180deg,rgb(0,0,0) 0%,rgba(0,0,0,0) 50%,rgba(0,0,0) 100%)\"><\/span><div class=\"wp-block-cover__inner-container has-global-padding is-layout-constrained wp-block-cover-is-layout-constrained\">\n<div class=\"wp-block-group alignwide is-layout-flow wp-block-group-is-layout-flow\"><h1 class=\"is-style-decorated wp-block-post-title\">El Comminges en la Edad Media<\/h1><\/div>\n<\/div><\/section>\n\n<section class=\"wp-block-group alignfull pattern-text has-global-padding is-layout-constrained wp-block-group-is-layout-constrained\">\n<div class=\"wp-block-group has-global-padding is-layout-constrained wp-block-group-is-layout-constrained\">\n<section class=\"wp-block-group alignfull pattern-breadcrumb has-global-padding is-layout-constrained wp-block-group-is-layout-constrained\">\n<div class=\"wp-block-group alignwide is-layout-flow wp-block-group-is-layout-flow\"><nav class=\"rank-math-breadcrumb\" aria-label=\"Ruta de navegaci\u00f3n\" style=\"--separator: &quot;\u2022\u2022\u2022&quot;\"><ol><li><span aria-current=\"page\">Inicio<\/span><\/li><\/ol><\/nav><\/div>\n<\/section>\n\n\n\n<h2 class=\"wp-block-heading is-style-underlined\">El Condado de Comminges<\/h2>\n\n\n\n<p class=\"wp-block-paragraph\"><strong>En la Edad Media, el Comminges era un condado poderoso y bastante aut\u00f3nomo, con la ciudad de Saint-Bertrand-de-Comminges como centro.<\/strong><\/p>\n\n\n\n<p class=\"wp-block-paragraph\">El Comminges es el territorio de los Conv\u00e8nes (un pueblo aquitano) que, en la Antig\u00fcedad, se concentraba en torno a Lugdunum Convenarum (Saint-Bertrand-de-Comminges).  <\/p>\n\n\n\n<p class=\"wp-block-paragraph\">El origen del condado se remonta a los siglos IX y X. Tras la ca\u00edda del Imperio carolingio, la regi\u00f3n se estructura en torno a un condado feudal: el condado de Comminges. <\/p>\n\n\n\n<p class=\"wp-block-paragraph\">En la Edad Media, la capital del territorio era Muret. El Valle de Ar\u00e1n perteneci\u00f3 a Comminges hasta el siglo<sup>XIII<\/sup>. <br\/>Las familias nobles locales fueron tomando poco a poco el control del territorio.<br\/>El poder de los reyes francos era lejano: los condes gobernaban de forma casi independiente. <\/p>\n\n\n\n<p class=\"wp-block-paragraph\">La posici\u00f3n del Comminges es estrat\u00e9gica, en contacto con los Pirineos y Espa\u00f1a, y en las rutas comerciales entre Toulouse y Arag\u00f3n.<\/p>\n\n\n\n<p class=\"wp-block-paragraph\">La dinast\u00eda de los condes de Comminges domin\u00f3 la regi\u00f3n durante varios siglos.<br\/>Entre los m\u00e1s importantes, destaca en el siglo XII Bernardo III (hijo de Bernardo I y de Dias de Samatan, hermano de Bernardo II), que le dio su nombre, Dodon de Samatan, a la ciudad de L&#8217;Isle-en-Dodon. Bernardo VII consolid\u00f3 la ciudad de L&#8217;Isle-en-Dodon construyendo, sobre lo que ya exist\u00eda, fortificaciones, el castillo y la iglesia, que ampli\u00f3 y que pas\u00f3 a llamarse iglesia de San Adri\u00e1n tras el derrumbe de la que exist\u00eda en la \u00e9poca de la \u00absauvet\u00e9\u00bb.<br\/>Bernard IV de Comminges (hijo de Dodon y de una hija de Alphonse Jourdain, que era conde de Toulouse), participa en las luchas feudales del Midi y refuerza la autoridad del condado; Bernard V de Comminges (hijo de Bernard IV y de Comtors de la Berthe; recibi\u00f3 de su madre el territorio de Aurignac, donde construy\u00f3 su castillo en 1240), se vio envuelto en las rivalidades entre las grandes familias del sur y, junto a su padre, particip\u00f3 en la cruzada contra los albigenses.<br\/>Los condes ten\u00edan que negociar constantemente con vecinos poderosos, como los condes de Toulouse, los reyes de Arag\u00f3n y los se\u00f1ores de Gascu\u00f1a. <\/p>\n\n\n\n<p class=\"wp-block-paragraph\">Los cambios en Comminges se producen a ra\u00edz de la cruzada contra los albigenses en el siglo XIII.<br\/>El territorio se ve menos afectado que el Languedoc central, pero sigue involucrado. Los condes intentan equilibrar sus relaciones entre los cruzados venidos del norte y las grandes familias occitanas. <\/p>\n\n\n\n<p class=\"wp-block-paragraph\">Despu\u00e9s de la cruzada, el poder real franc\u00e9s se extiende progresivamente por el sur y la autonom\u00eda de los peque\u00f1os condados disminuye.<\/p>\n\n\n\n<p class=\"wp-block-paragraph\">La sociedad medieval del Comminges es t\u00edpicamente feudal, con una nobleza que posee castillos en los valles pirenaicos y se mantiene fiel al conde. El clero, donde el obispado de Saint-Bertrand-de-Comminges desempe\u00f1a un papel central, tiene una influencia religiosa creciente y las peregrinaciones se multiplican. Los campesinos desarrollan la agricultura, especialmente en la monta\u00f1a, la ganader\u00eda y la explotaci\u00f3n forestal.<br\/>Los pueblos se organizan a menudo en torno a una iglesia y\/o un castillo o una mota feudal.   <\/p>\n\n\n\n<p class=\"wp-block-paragraph\">Varios factores debilitan el condado:<\/p>\n\n\n\n<ul class=\"wp-block-list\">\n<li>crisis demogr\u00e1ficas (peste negra)<\/li>\n\n\n\n<li>dificultades econ\u00f3micas<\/li>\n\n\n\n<li>extinci\u00f3n progresiva de la dinast\u00eda.<\/li>\n<\/ul>\n\n\n\n<p class=\"wp-block-paragraph\">En 1454, el Comminges se incorpora a la corona de Francia bajo el reinado de Carlos VII.<br\/>Se convierte entonces en una provincia integrada en el reino, manteniendo al mismo tiempo una fuerte identidad regional.<\/p>\n\n\n\n<p class=\"is-style-indented is-style-indented--1 wp-block-paragraph\">En nuestro destino hay tres antiguas ciudades condales: Saint-Marcet, Aurignac y L&#8217;Isle-en-Dodon. Cada uno de estos pueblos ten\u00eda su castillo; en Aurignac y Saint-Marcet a\u00fan se pueden ver restos en pie, mientras que en L&#8217;Isle-en-Dodon solo se ve una pared del castillo en la calle Maubec. <\/p>\n\n\n\n<h2 class=\"wp-block-heading\">Los grandes castillos medievales del Comminges<\/h2>\n\n\n\n<div class=\"wp-block-columns are-vertically-aligned-center is-layout-flex wp-container-core-columns-is-layout-794e3cfa wp-block-columns-is-layout-flex\">\n<div class=\"wp-block-column is-vertically-aligned-center is-layout-flow wp-block-column-is-layout-flow\" style=\"flex-basis:50%\">\n<figure data-wp-context=\"{&quot;imageId&quot;:&quot;6a9d20563c447&quot;}\" data-wp-interactive=\"core\/image\" data-wp-key=\"6a9d20563c447\" class=\"wp-block-image size-full wp-lightbox-container\"><img decoding=\"async\" width=\"640\" height=\"480\" data-wp-class--hide=\"state.isContentHidden\" data-wp-class--show=\"state.isContentVisible\" data-wp-init=\"callbacks.setButtonStyles\" data-wp-on--click=\"actions.showLightbox\" data-wp-on--load=\"callbacks.setButtonStyles\" data-wp-on--pointerdown=\"actions.preloadImage\" data-wp-on--pointerenter=\"actions.preloadImageWithDelay\" data-wp-on--pointerleave=\"actions.cancelPreload\" data-wp-on-window--resize=\"callbacks.setButtonStyles\" src=\"https:\/\/destination-commingespyrenees.com\/content\/uploads\/2026\/03\/Chateau-fort-de-Saint-Marcet-640x480-1.jpg\" alt=\"El Comminges en la Edad Media Castillo de Saint-Marcet\" class=\"wp-image-2025\"\/><button\n\t\t\tclass=\"lightbox-trigger\"\n\t\t\ttype=\"button\"\n\t\t\taria-haspopup=\"dialog\"\n\t\t\tdata-wp-bind--aria-label=\"state.thisImage.triggerButtonAriaLabel\"\n\t\t\tdata-wp-init=\"callbacks.initTriggerButton\"\n\t\t\tdata-wp-on--click=\"actions.showLightbox\"\n\t\t\tdata-wp-style--right=\"state.thisImage.buttonRight\"\n\t\t\tdata-wp-style--top=\"state.thisImage.buttonTop\"\n\t\t>\n\t\t\t<svg xmlns=\"http:\/\/www.w3.org\/2000\/svg\" width=\"12\" height=\"12\" fill=\"none\" viewBox=\"0 0 12 12\">\n\t\t\t\t<path fill=\"#fff\" d=\"M2 0a2 2 0 0 0-2 2v2h1.5V2a.5.5 0 0 1 .5-.5h2V0H2Zm2 10.5H2a.5.5 0 0 1-.5-.5V8H0v2a2 2 0 0 0 2 2h2v-1.5ZM8 12v-1.5h2a.5.5 0 0 0 .5-.5V8H12v2a2 2 0 0 1-2 2H8Zm2-12a2 2 0 0 1 2 2v2h-1.5V2a.5.5 0 0 0-.5-.5H8V0h2Z\" \/>\n\t\t\t<\/svg>\n\t\t<\/button><\/figure>\n<\/div>\n\n\n\n<div class=\"wp-block-column is-vertically-aligned-center is-layout-flow wp-block-column-is-layout-flow\" style=\"flex-basis:50%\">\n<h2 class=\"wp-block-heading is-style-underlined\">el castillo de Saint-Marcet<\/h2>\n\n\n\n<p class=\"wp-block-paragraph\"><strong>El Castillo de <a href=\"https:\/\/chateausaintmarcet.wordpress.com\/\" target=\"_blank\" rel=\"noopener\">Saint-Marcet<\/a> es uno de los emplazamientos fortificados importantes del Comminges.<\/strong><\/p>\n\n\n\n<p class=\"wp-block-paragraph\">Construido hacia 1260 por iniciativa de los condes de Toulouse, de Comminges y de Alfonso de Poitiers, serv\u00eda como principal fortaleza estrat\u00e9gica de la regi\u00f3n.<br\/>La \u00faltima condesa, Margarita de Comminges, fue recluida all\u00ed por su marido, Mateo de Foix, hacia 1420 durante casi veinte a\u00f1os.<br\/>En 1621, por orden del rey Luis XIII, la fortaleza fue desarmada y demolida met\u00f3dicamente, pasando a servir despu\u00e9s como cantera de piedras para los habitantes de la regi\u00f3n. <br\/>El due\u00f1o actual del castillo se ha pasado gran parte de su vida restaurando el lugar, que es privado. Tal y como se ve hoy, aunque est\u00e9 en parte en ruinas, todav\u00eda se puede apreciar la estructura de un castillo medieval de la zona. <\/p>\n<\/div>\n<\/div>\n<\/div>\n<\/section>\n\n<div style=\"height:21px\" aria-hidden=\"true\" class=\"wp-block-spacer\"><\/div>\n\n<div class=\"wp-block-columns are-vertically-aligned-center is-layout-flex wp-container-core-columns-is-layout-794e3cfa wp-block-columns-is-layout-flex\">\n<div class=\"wp-block-column is-vertically-aligned-center is-layout-flow wp-block-column-is-layout-flow\" style=\"flex-basis:50%\">\n<figure data-wp-context=\"{&quot;imageId&quot;:&quot;6a9d20563d84d&quot;}\" data-wp-interactive=\"core\/image\" data-wp-key=\"6a9d20563d84d\" class=\"wp-block-image size-full wp-lightbox-container\"><img decoding=\"async\" width=\"900\" height=\"675\" data-wp-class--hide=\"state.isContentHidden\" data-wp-class--show=\"state.isContentVisible\" data-wp-init=\"callbacks.setButtonStyles\" data-wp-on--click=\"actions.showLightbox\" data-wp-on--load=\"callbacks.setButtonStyles\" data-wp-on--pointerdown=\"actions.preloadImage\" data-wp-on--pointerenter=\"actions.preloadImageWithDelay\" data-wp-on--pointerleave=\"actions.cancelPreload\" data-wp-on-window--resize=\"callbacks.setButtonStyles\" src=\"https:\/\/destination-commingespyrenees.com\/content\/uploads\/2026\/01\/donjon-aurignac-1-900x675-1.jpg\" alt=\"El Comminges en la Edad Media Torre del homenaje de Aurignac visita guiada &#xA9;OTI\" class=\"wp-image-250\" style=\"aspect-ratio:4\/3;object-fit:cover\" srcset=\"https:\/\/destination-commingespyrenees.com\/content\/uploads\/2026\/01\/donjon-aurignac-1-900x675-1.jpg 900w, https:\/\/destination-commingespyrenees.com\/content\/uploads\/2026\/01\/donjon-aurignac-1-900x675-1-800x600.jpg 800w, https:\/\/destination-commingespyrenees.com\/content\/uploads\/2026\/01\/donjon-aurignac-1-900x675-1-768x576.jpg 768w\" sizes=\"(max-width: 900px) 100vw, 900px\" \/><button\n\t\t\tclass=\"lightbox-trigger\"\n\t\t\ttype=\"button\"\n\t\t\taria-haspopup=\"dialog\"\n\t\t\tdata-wp-bind--aria-label=\"state.thisImage.triggerButtonAriaLabel\"\n\t\t\tdata-wp-init=\"callbacks.initTriggerButton\"\n\t\t\tdata-wp-on--click=\"actions.showLightbox\"\n\t\t\tdata-wp-style--right=\"state.thisImage.buttonRight\"\n\t\t\tdata-wp-style--top=\"state.thisImage.buttonTop\"\n\t\t>\n\t\t\t<svg xmlns=\"http:\/\/www.w3.org\/2000\/svg\" width=\"12\" height=\"12\" fill=\"none\" viewBox=\"0 0 12 12\">\n\t\t\t\t<path fill=\"#fff\" d=\"M2 0a2 2 0 0 0-2 2v2h1.5V2a.5.5 0 0 1 .5-.5h2V0H2Zm2 10.5H2a.5.5 0 0 1-.5-.5V8H0v2a2 2 0 0 0 2 2h2v-1.5ZM8 12v-1.5h2a.5.5 0 0 0 .5-.5V8H12v2a2 2 0 0 1-2 2H8Zm2-12a2 2 0 0 1 2 2v2h-1.5V2a.5.5 0 0 0-.5-.5H8V0h2Z\" \/>\n\t\t\t<\/svg>\n\t\t<\/button><\/figure>\n<\/div>\n\n\n\n<div class=\"wp-block-column is-vertically-aligned-center is-layout-flow wp-block-column-is-layout-flow\" style=\"flex-basis:50%\">\n<h2 class=\"wp-block-heading is-style-underlined\">El castillo de Aurignac<\/h2>\n\n\n\n<p class=\"wp-block-paragraph\"><strong>Construido en 1240 por Bernardo V<\/strong> <strong>para reafirmar el poder de los condes de Comminges sobre la regi\u00f3n, el castillo es la capital de una importante castellan\u00eda y sirve como fortaleza militar, administrativa y judicial, los condes no ten\u00edan una residencia fija y solo se quedaban all\u00ed de vez en cuando, ya que el lugar lo gestionaba principalmente un capit\u00e1n del castillo, que representaba la autoridad<\/strong> <strong>del conde<\/strong>.<\/p>\n\n\n\n<p class=\"wp-block-paragraph\">Rodeado por muros de un grosor de entre 1,5 y 2 m, forma un recinto rectangular si se a\u00f1ade la parte noreste donde se encontraba la vivienda del Conde. Las murallas est\u00e1n reforzadas por cuatro torres de esquina cil\u00edndricas macizas, antiguamente coronadas por almenas. La torre del homenaje era una torre de vigilancia sin cubierta y hoy es el \u00fanico edificio de esa \u00e9poca que queda en pie. Se accede a ella por una escalera y por la puerta original. Esta    <strong> <\/strong>\u00e9norme b\u00e2tisse, l\u00e9g\u00e8rement tron\u00e7onique s\u2019\u00e9l\u00e8ve \u00e0 18 m de hauteur sur un diam\u00e8tre ext\u00e9rieur de 9,25 m \u00e0 la base, pour 8,25 m au sommet. Il comprend trois salles superpos\u00e9es. On y monte par un \u00e9troit escalier en spirale construit dans l\u2019\u00e9paisseur des murs, entre deux tours concentriques.  <\/p>\n\n\n\n<div class=\"wp-block-buttons is-layout-flex wp-block-buttons-is-layout-flex\">\n<div class=\"wp-block-button is-style-fill\"><a class=\"wp-block-button__link wp-element-button\" href=\"https:\/\/destination-commingespyrenees.com\/es\/lo-esencial-%e2%99%a5\/visitar-aurignac\/\">descubrir el pueblo medieval<\/a><\/div>\n<\/div>\n<\/div>\n<\/div>\n\n<div style=\"height:27px\" aria-hidden=\"true\" class=\"wp-block-spacer\"><\/div>\n\n<div class=\"wp-block-columns are-vertically-aligned-center is-layout-flex wp-container-core-columns-is-layout-794e3cfa wp-block-columns-is-layout-flex\">\n<div class=\"wp-block-column is-vertically-aligned-center is-layout-flow wp-block-column-is-layout-flow\" style=\"flex-basis:50%\">\n<figure data-wp-context=\"{&quot;imageId&quot;:&quot;6a9d20563fb56&quot;}\" data-wp-interactive=\"core\/image\" data-wp-key=\"6a9d20563fb56\" class=\"wp-block-image size-full wp-lightbox-container\"><img decoding=\"async\" width=\"1920\" height=\"1440\" data-wp-class--hide=\"state.isContentHidden\" data-wp-class--show=\"state.isContentVisible\" data-wp-init=\"callbacks.setButtonStyles\" data-wp-on--click=\"actions.showLightbox\" data-wp-on--load=\"callbacks.setButtonStyles\" data-wp-on--pointerdown=\"actions.preloadImage\" data-wp-on--pointerenter=\"actions.preloadImageWithDelay\" data-wp-on--pointerleave=\"actions.cancelPreload\" data-wp-on-window--resize=\"callbacks.setButtonStyles\" src=\"https:\/\/destination-commingespyrenees.com\/content\/uploads\/2026\/03\/IMG_3161.jpg\" alt=\"El Comminges en la Edad Media El castillo de Montespan\" class=\"wp-image-2026\" srcset=\"https:\/\/destination-commingespyrenees.com\/content\/uploads\/2026\/03\/IMG_3161.jpg 1920w, https:\/\/destination-commingespyrenees.com\/content\/uploads\/2026\/03\/IMG_3161-800x600.jpg 800w, https:\/\/destination-commingespyrenees.com\/content\/uploads\/2026\/03\/IMG_3161-1600x1200.jpg 1600w, https:\/\/destination-commingespyrenees.com\/content\/uploads\/2026\/03\/IMG_3161-768x576.jpg 768w, https:\/\/destination-commingespyrenees.com\/content\/uploads\/2026\/03\/IMG_3161-1536x1152.jpg 1536w\" sizes=\"(max-width: 1920px) 100vw, 1920px\" \/><button\n\t\t\tclass=\"lightbox-trigger\"\n\t\t\ttype=\"button\"\n\t\t\taria-haspopup=\"dialog\"\n\t\t\tdata-wp-bind--aria-label=\"state.thisImage.triggerButtonAriaLabel\"\n\t\t\tdata-wp-init=\"callbacks.initTriggerButton\"\n\t\t\tdata-wp-on--click=\"actions.showLightbox\"\n\t\t\tdata-wp-style--right=\"state.thisImage.buttonRight\"\n\t\t\tdata-wp-style--top=\"state.thisImage.buttonTop\"\n\t\t>\n\t\t\t<svg xmlns=\"http:\/\/www.w3.org\/2000\/svg\" width=\"12\" height=\"12\" fill=\"none\" viewBox=\"0 0 12 12\">\n\t\t\t\t<path fill=\"#fff\" d=\"M2 0a2 2 0 0 0-2 2v2h1.5V2a.5.5 0 0 1 .5-.5h2V0H2Zm2 10.5H2a.5.5 0 0 1-.5-.5V8H0v2a2 2 0 0 0 2 2h2v-1.5ZM8 12v-1.5h2a.5.5 0 0 0 .5-.5V8H12v2a2 2 0 0 1-2 2H8Zm2-12a2 2 0 0 1 2 2v2h-1.5V2a.5.5 0 0 0-.5-.5H8V0h2Z\" \/>\n\t\t\t<\/svg>\n\t\t<\/button><\/figure>\n<\/div>\n\n\n\n<div class=\"wp-block-column is-vertically-aligned-center is-layout-flow wp-block-column-is-layout-flow\" style=\"flex-basis:50%\">\n<h2 class=\"wp-block-heading is-style-underlined\">El castillo de Montespan<\/h2>\n\n\n\n<p class=\"wp-block-paragraph\"><strong>Las ruinas muestran el papel que desempe\u00f1\u00f3 en la Edad Media, como puesto de vigilancia estrat\u00e9gico y de protecci\u00f3n de las rutas entre Saint-Gaudens y los valles pirenaicos, el Couserans.<\/strong><\/p>\n\n\n\n<p class=\"wp-block-paragraph\">En el siglo XIII, Grise de Espa\u00f1a, hija del se\u00f1or de Montespan, se cas\u00f3 con Roger de Comminges, vizconde de Couserans. De esta uni\u00f3n surgi\u00f3 una rama conocida como los barones de Espa\u00f1a de Montespan, que eran descendientes y vasallos de los condes de Comminges   <\/p>\n\n\n\n<p class=\"wp-block-paragraph\">Hoy en d\u00eda, desde este lugar se puede disfrutar de unas vistas panor\u00e1micas del Comminges.<\/p>\n<\/div>\n<\/div>\n\n<div style=\"height:24px\" aria-hidden=\"true\" class=\"wp-block-spacer\"><\/div>\n\n<h2 class=\"wp-block-heading\">Otros vestigios medievales en Comminges, el patrimonio religioso<\/h2>\n\n<p class=\"wp-block-paragraph\">Hay un mont\u00f3n de pueblecitos que tienen su iglesia de la Edad Media, como Aurignac, L&#8217;Isle-en-Dodon, Boulogne-sur-Gesse, Saint-Marcet y muchos otros&#8230; Hay que destacar la majestuosa colegiata de San Pedro en Saint-Gaudens, la catedral de Santa Mar\u00eda en Saint-Bertrand-de-Comminges y la bas\u00edlica de San Just en Valcabr\u00e8re.<br\/>Antiguos conventos, monasterios y abad\u00edas, como la Abad\u00eda de Bonnefont; en Alan tambi\u00e9n puedes ver el antiguo palacio de los obispos\u2026 todo un patrimonio que cuenta la historia de Comminges durante ese periodo. <\/p>\n\n<figure data-wp-context=\"{&quot;galleryId&quot;:&quot;6a9d20564049d&quot;}\" data-wp-interactive=\"core\/gallery\" class=\"wp-block-gallery has-nested-images columns-default is-cropped wp-block-gallery-2 is-layout-flex wp-block-gallery-is-layout-flex\">\n<figure data-wp-context=\"{&quot;imageId&quot;:&quot;6a9d205640efe&quot;}\" data-wp-interactive=\"core\/image\" data-wp-key=\"6a9d205640efe\" class=\"wp-block-image size-large wp-lightbox-container\"><img decoding=\"async\" width=\"1600\" height=\"1146\" data-wp-class--hide=\"state.isContentHidden\" data-wp-class--show=\"state.isContentVisible\" data-wp-init=\"callbacks.setButtonStyles\" data-wp-on--click=\"actions.showLightbox\" data-wp-on--load=\"callbacks.setButtonStyles\" data-wp-on--pointerdown=\"actions.preloadImage\" data-wp-on--pointerenter=\"actions.preloadImageWithDelay\" data-wp-on--pointerleave=\"actions.cancelPreload\" data-wp-on-window--resize=\"callbacks.setButtonStyles\" data-id=\"776\" src=\"https:\/\/destination-commingespyrenees.com\/content\/uploads\/2026\/01\/Collegiale-leve-du-soleil-ete-2025-1600x1146.jpg\" alt=\"El Comminges en la Edad Media Colegiata de Saint-Gaudens\" class=\"wp-image-776\" srcset=\"https:\/\/destination-commingespyrenees.com\/content\/uploads\/2026\/01\/Collegiale-leve-du-soleil-ete-2025-1600x1146.jpg 1600w, https:\/\/destination-commingespyrenees.com\/content\/uploads\/2026\/01\/Collegiale-leve-du-soleil-ete-2025-800x573.jpg 800w, https:\/\/destination-commingespyrenees.com\/content\/uploads\/2026\/01\/Collegiale-leve-du-soleil-ete-2025-768x550.jpg 768w, https:\/\/destination-commingespyrenees.com\/content\/uploads\/2026\/01\/Collegiale-leve-du-soleil-ete-2025-1536x1101.jpg 1536w, https:\/\/destination-commingespyrenees.com\/content\/uploads\/2026\/01\/Collegiale-leve-du-soleil-ete-2025-scaled.jpg 2048w\" sizes=\"(max-width: 1600px) 100vw, 1600px\" \/><button\n\t\t\tclass=\"lightbox-trigger\"\n\t\t\ttype=\"button\"\n\t\t\taria-haspopup=\"dialog\"\n\t\t\tdata-wp-bind--aria-label=\"state.thisImage.triggerButtonAriaLabel\"\n\t\t\tdata-wp-init=\"callbacks.initTriggerButton\"\n\t\t\tdata-wp-on--click=\"actions.showLightbox\"\n\t\t\tdata-wp-style--right=\"state.thisImage.buttonRight\"\n\t\t\tdata-wp-style--top=\"state.thisImage.buttonTop\"\n\t\t>\n\t\t\t<svg xmlns=\"http:\/\/www.w3.org\/2000\/svg\" width=\"12\" height=\"12\" fill=\"none\" viewBox=\"0 0 12 12\">\n\t\t\t\t<path fill=\"#fff\" d=\"M2 0a2 2 0 0 0-2 2v2h1.5V2a.5.5 0 0 1 .5-.5h2V0H2Zm2 10.5H2a.5.5 0 0 1-.5-.5V8H0v2a2 2 0 0 0 2 2h2v-1.5ZM8 12v-1.5h2a.5.5 0 0 0 .5-.5V8H12v2a2 2 0 0 1-2 2H8Zm2-12a2 2 0 0 1 2 2v2h-1.5V2a.5.5 0 0 0-.5-.5H8V0h2Z\" \/>\n\t\t\t<\/svg>\n\t\t<\/button><figcaption class=\"wp-element-caption\"><a href=\"https:\/\/destination-commingespyrenees.com\/collegiale\/\">Coll\u00e9giale Saint-Pierre<\/a><\/figcaption><\/figure>\n\n\n\n<figure data-wp-context=\"{&quot;imageId&quot;:&quot;6a9d205641b07&quot;}\" data-wp-interactive=\"core\/image\" data-wp-key=\"6a9d205641b07\" class=\"wp-block-image size-large wp-lightbox-container\"><img decoding=\"async\" width=\"1600\" height=\"1066\" data-wp-class--hide=\"state.isContentHidden\" data-wp-class--show=\"state.isContentVisible\" data-wp-init=\"callbacks.setButtonStyles\" data-wp-on--click=\"actions.showLightbox\" data-wp-on--load=\"callbacks.setButtonStyles\" data-wp-on--pointerdown=\"actions.preloadImage\" data-wp-on--pointerenter=\"actions.preloadImageWithDelay\" data-wp-on--pointerleave=\"actions.cancelPreload\" data-wp-on-window--resize=\"callbacks.setButtonStyles\" data-id=\"2334\" src=\"https:\/\/destination-commingespyrenees.com\/content\/uploads\/2026\/03\/SAINT-BERTRAND-DE-COMMMINGES-8650c4cff5a4469883051d253e4ee589-1600x1066.jpg\" alt=\"El Comminges en la Edad Media Catedral de Santa Mar&#xED;a Saint-Bertrand-de-Comminges\" class=\"wp-image-2334\" srcset=\"https:\/\/destination-commingespyrenees.com\/content\/uploads\/2026\/03\/SAINT-BERTRAND-DE-COMMMINGES-8650c4cff5a4469883051d253e4ee589-1600x1066.jpg 1600w, https:\/\/destination-commingespyrenees.com\/content\/uploads\/2026\/03\/SAINT-BERTRAND-DE-COMMMINGES-8650c4cff5a4469883051d253e4ee589-800x533.jpg 800w, https:\/\/destination-commingespyrenees.com\/content\/uploads\/2026\/03\/SAINT-BERTRAND-DE-COMMMINGES-8650c4cff5a4469883051d253e4ee589-768x512.jpg 768w, https:\/\/destination-commingespyrenees.com\/content\/uploads\/2026\/03\/SAINT-BERTRAND-DE-COMMMINGES-8650c4cff5a4469883051d253e4ee589-1536x1023.jpg 1536w, https:\/\/destination-commingespyrenees.com\/content\/uploads\/2026\/03\/SAINT-BERTRAND-DE-COMMMINGES-8650c4cff5a4469883051d253e4ee589-scaled.jpg 2048w\" sizes=\"(max-width: 1600px) 100vw, 1600px\" \/><button\n\t\t\tclass=\"lightbox-trigger\"\n\t\t\ttype=\"button\"\n\t\t\taria-haspopup=\"dialog\"\n\t\t\tdata-wp-bind--aria-label=\"state.thisImage.triggerButtonAriaLabel\"\n\t\t\tdata-wp-init=\"callbacks.initTriggerButton\"\n\t\t\tdata-wp-on--click=\"actions.showLightbox\"\n\t\t\tdata-wp-style--right=\"state.thisImage.buttonRight\"\n\t\t\tdata-wp-style--top=\"state.thisImage.buttonTop\"\n\t\t>\n\t\t\t<svg xmlns=\"http:\/\/www.w3.org\/2000\/svg\" width=\"12\" height=\"12\" fill=\"none\" viewBox=\"0 0 12 12\">\n\t\t\t\t<path fill=\"#fff\" d=\"M2 0a2 2 0 0 0-2 2v2h1.5V2a.5.5 0 0 1 .5-.5h2V0H2Zm2 10.5H2a.5.5 0 0 1-.5-.5V8H0v2a2 2 0 0 0 2 2h2v-1.5ZM8 12v-1.5h2a.5.5 0 0 0 .5-.5V8H12v2a2 2 0 0 1-2 2H8Zm2-12a2 2 0 0 1 2 2v2h-1.5V2a.5.5 0 0 0-.5-.5H8V0h2Z\" \/>\n\t\t\t<\/svg>\n\t\t<\/button><figcaption class=\"wp-element-caption\"><a href=\"https:\/\/destination-commingespyrenees.com\/saint-bertrand\/\">Catedral de Santa Mar\u00eda Saint-Bertrand-de-Comminges<\/a><\/figcaption><\/figure>\n\n\n\n<figure data-wp-context=\"{&quot;imageId&quot;:&quot;6a9d2056426bc&quot;}\" data-wp-interactive=\"core\/image\" data-wp-key=\"6a9d2056426bc\" class=\"wp-block-image size-large wp-lightbox-container\"><img decoding=\"async\" width=\"1600\" height=\"1067\" data-wp-class--hide=\"state.isContentHidden\" data-wp-class--show=\"state.isContentVisible\" data-wp-init=\"callbacks.setButtonStyles\" data-wp-on--click=\"actions.showLightbox\" data-wp-on--load=\"callbacks.setButtonStyles\" data-wp-on--pointerdown=\"actions.preloadImage\" data-wp-on--pointerenter=\"actions.preloadImageWithDelay\" data-wp-on--pointerleave=\"actions.cancelPreload\" data-wp-on-window--resize=\"callbacks.setButtonStyles\" data-id=\"2335\" src=\"https:\/\/destination-commingespyrenees.com\/content\/uploads\/2026\/03\/SBC-Valca-1600x1067.jpg\" alt=\"El Comminges en la Edad Media Bas&#xED;lica de San Justo de Valcabr&#xE8;re\" class=\"wp-image-2335\" srcset=\"https:\/\/destination-commingespyrenees.com\/content\/uploads\/2026\/03\/SBC-Valca-1600x1067.jpg 1600w, https:\/\/destination-commingespyrenees.com\/content\/uploads\/2026\/03\/SBC-Valca-800x533.jpg 800w, https:\/\/destination-commingespyrenees.com\/content\/uploads\/2026\/03\/SBC-Valca-768x512.jpg 768w, https:\/\/destination-commingespyrenees.com\/content\/uploads\/2026\/03\/SBC-Valca-1536x1024.jpg 1536w, https:\/\/destination-commingespyrenees.com\/content\/uploads\/2026\/03\/SBC-Valca-scaled.jpg 2048w\" sizes=\"(max-width: 1600px) 100vw, 1600px\" \/><button\n\t\t\tclass=\"lightbox-trigger\"\n\t\t\ttype=\"button\"\n\t\t\taria-haspopup=\"dialog\"\n\t\t\tdata-wp-bind--aria-label=\"state.thisImage.triggerButtonAriaLabel\"\n\t\t\tdata-wp-init=\"callbacks.initTriggerButton\"\n\t\t\tdata-wp-on--click=\"actions.showLightbox\"\n\t\t\tdata-wp-style--right=\"state.thisImage.buttonRight\"\n\t\t\tdata-wp-style--top=\"state.thisImage.buttonTop\"\n\t\t>\n\t\t\t<svg xmlns=\"http:\/\/www.w3.org\/2000\/svg\" width=\"12\" height=\"12\" fill=\"none\" viewBox=\"0 0 12 12\">\n\t\t\t\t<path fill=\"#fff\" d=\"M2 0a2 2 0 0 0-2 2v2h1.5V2a.5.5 0 0 1 .5-.5h2V0H2Zm2 10.5H2a.5.5 0 0 1-.5-.5V8H0v2a2 2 0 0 0 2 2h2v-1.5ZM8 12v-1.5h2a.5.5 0 0 0 .5-.5V8H12v2a2 2 0 0 1-2 2H8Zm2-12a2 2 0 0 1 2 2v2h-1.5V2a.5.5 0 0 0-.5-.5H8V0h2Z\" \/>\n\t\t\t<\/svg>\n\t\t<\/button><figcaption class=\"wp-element-caption\"><a href=\"https:\/\/destination-commingespyrenees.com\/saint-bertrand\/\">Basilique Saint-Just de Valcabr\u00e8re<\/a><\/figcaption><\/figure>\n<\/figure>\n\n<p class=\"wp-block-paragraph\"><\/p>\n","protected":false},"excerpt":{"rendered":"<p>El Condado de Comminges En la Edad Media, el Comminges era un condado poderoso y bastante aut\u00f3nomo, con la ciudad de Saint-Bertrand-de-Comminges como centro. El Comminges es el territorio de los Conv\u00e8nes (un pueblo aquitano) que, en la Antig\u00fcedad, se concentraba en torno a Lugdunum Convenarum (Saint-Bertrand-de-Comminges). El origen del condado se remonta a los [&hellip;]<\/p>\n","protected":false},"author":4,"featured_media":3923,"parent":6423,"menu_order":3,"comment_status":"closed","ping_status":"closed","template":"","meta":{"_acf_changed":false,"_is_professional_area":false,"footnotes":""},"experience_category":[],"class_list":["post-3924","page","type-page","status-publish","has-post-thumbnail","hentry"],"acf":[],"_links":{"self":[{"href":"https:\/\/destination-commingespyrenees.com\/es\/wp-json\/wp\/v2\/pages\/3924","targetHints":{"allow":["GET"]}}],"collection":[{"href":"https:\/\/destination-commingespyrenees.com\/es\/wp-json\/wp\/v2\/pages"}],"about":[{"href":"https:\/\/destination-commingespyrenees.com\/es\/wp-json\/wp\/v2\/types\/page"}],"author":[{"embeddable":true,"href":"https:\/\/destination-commingespyrenees.com\/es\/wp-json\/wp\/v2\/users\/4"}],"replies":[{"embeddable":true,"href":"https:\/\/destination-commingespyrenees.com\/es\/wp-json\/wp\/v2\/comments?post=3924"}],"version-history":[{"count":3,"href":"https:\/\/destination-commingespyrenees.com\/es\/wp-json\/wp\/v2\/pages\/3924\/revisions"}],"predecessor-version":[{"id":25091,"href":"https:\/\/destination-commingespyrenees.com\/es\/wp-json\/wp\/v2\/pages\/3924\/revisions\/25091"}],"up":[{"embeddable":true,"href":"https:\/\/destination-commingespyrenees.com\/es\/wp-json\/wp\/v2\/pages\/6423"}],"wp:featuredmedia":[{"embeddable":true,"href":"https:\/\/destination-commingespyrenees.com\/es\/wp-json\/wp\/v2\/media\/3923"}],"wp:attachment":[{"href":"https:\/\/destination-commingespyrenees.com\/es\/wp-json\/wp\/v2\/media?parent=3924"}],"wp:term":[{"taxonomy":"experience_category","embeddable":true,"href":"https:\/\/destination-commingespyrenees.com\/es\/wp-json\/wp\/v2\/experience_category?post=3924"}],"curies":[{"name":"wp","href":"https:\/\/api.w.org\/{rel}","templated":true}]}}